{"id":76383,"date":"2025-07-02T12:41:43","date_gmt":"2025-07-02T10:41:43","guid":{"rendered":"https:\/\/www.italtel.com\/accessibilita\/"},"modified":"2025-07-25T10:20:17","modified_gmt":"2025-07-25T08:20:17","slug":"barrierefreiheit","status":"publish","type":"page","link":"https:\/\/www.italtel.com\/de\/barrierefreiheit\/","title":{"rendered":"Barrierefreiheit"},"content":{"rendered":"\n\n\t<section class=\"section herosection home no_padding_section\" id=\"section_1392526533\">\n\t\t<div class=\"section-bg fill\" >\n\t\t\t\t\t\t\t\t\t\n\t\t\t\n\n\t\t<\/div>\n\n\t\t\n\n\t\t<div class=\"section-content relative\">\n\t\t\t\n\n<div class=\"row row-small\"  id=\"row-1422160440\">\n\n\n\t<div id=\"col-238585596\" class=\"col paddingbottom_0 small-12 large-12\"  data-animate=\"fadeInUp\">\n\t\t\t\t<div class=\"col-inner\"  >\n\t\t\t\n\t\t\t\n\n\n  <div class=\"banner has-hover borderradius_10 has-parallax\" id=\"banner-1337202194\">\n          <div class=\"banner-inner fill\">\n        <div class=\"banner-bg fill\" data-parallax=\"-3\" data-parallax-container=\".banner\" data-parallax-background>\n            <img loading=\"lazy\" decoding=\"async\" width=\"2500\" height=\"1463\" src=\"https:\/\/www.italtel.com\/wp-content\/uploads\/2024\/10\/lorem-ipsum-docet-magna.webp\" class=\"bg attachment-original size-original\" alt=\"\" \/>                                    \n                    <\/div>\n\t\t\n        <div class=\"banner-layers container\">\n            <div class=\"fill banner-link\"><\/div>            \n\n   <div id=\"text-box-480097363\" class=\"text-box banner-layer x5 md-x5 lg-x5 y50 md-y50 lg-y50 res-text\">\n                     <div data-animate=\"none\">           <div class=\"text-box-content text dark\">\n              \n              <div class=\"text-inner text-left\">\n                  \n\n<div class=\"row\"  id=\"row-214082250\">\n\n\n\t<div id=\"col-764584721\" class=\"col marginbottom_0 paddingbottom_0 small-12 large-12\"  >\n\t\t\t\t<div class=\"col-inner\"  >\n\t\t\t\n\t\t\t\n\n\t<div id=\"text-4227395413\" class=\"text fontweight_500 fontsize_70\">\n\t\t\n\n<h3>Barrierefreiheit<\/h3>\n\t\t\n<style>\n#text-4227395413 {\n  text-align: left;\n}\n<\/style>\n\t<\/div>\n\t\n\t<div id=\"text-2683438645\" class=\"text fontweight_300 fontsize_30\">\n\t\t\n\n<h3>Zugang erleichtert. M\u00f6glichkeiten verwirklicht.<\/h3>\n\t\t\n<style>\n#text-2683438645 {\n  text-align: left;\n}\n<\/style>\n\t<\/div>\n\t\n\n\t\t<\/div>\n\t\t\t\t\t<\/div>\n\n\t\n\n<\/div>\n\n              <\/div>\n           <\/div>\n       <\/div>                     \n<style>\n#text-box-480097363 {\n  width: 60%;\n}\n#text-box-480097363 .text-box-content {\n  font-size: 100%;\n}\n<\/style>\n    <\/div>\n \n\n        <\/div>\n      <\/div>\n\n            \n<style>\n#banner-1337202194 {\n  padding-top: 65rem;\n}\n#banner-1337202194 .banner-bg img {\n  object-position: 69% 0%;\n}\n<\/style>\n  <\/div>\n\n\n\n\t\t<\/div>\n\t\t\t\t\t<\/div>\n\n\t\n\n<\/div>\n\n\t\t<\/div>\n\n\t\t\n<style>\n#section_1392526533 {\n  padding-top: 0px;\n  padding-bottom: 0px;\n}\n<\/style>\n\t<\/section>\n\t\n\n\t<section class=\"section sustainability_section\" id=\"section_1806209537\">\n\t\t<div class=\"section-bg fill\" >\n\t\t\t\t\t\t\t\t\t\n\t\t\t\n\n\t\t<\/div>\n\n\t\t\n\n\t\t<div class=\"section-content relative\">\n\t\t\t\n\n<div class=\"row row-small\"  id=\"row-11776765\">\n\n\n\t<div id=\"col-117694065\" class=\"col medium-8 small-12 large-8\"  >\n\t\t\t\t<div class=\"col-inner\"  >\n\t\t\t\n\t\t\t\n\n\t<div id=\"text-1302414735\" class=\"text fontsize_16 color_black\">\n\t\t\n\n<h2>BARRIEREFREIHEIT BEI ITALTEL<\/h2>\n\t\t\t<\/div>\n\t\n\t<div id=\"text-1231298082\" class=\"text fontsize_54 color_black fontweight_500\">\n\t\t\n\n<h3>Unser Versprechen: Eine digital zug\u00e4ngliche Welt<\/h3>\n\t\t\t<\/div>\n\t\n\t<div id=\"text-1145686719\" class=\"text fontsize_20 color_black fontweight_300\">\n\t\t\n\n<p>Bei Italtel sind wir \u00fcberzeugt, dass Technologie eine Br\u00fccke sein sollte \u2013 kein Hindernis. Deshalb setzen wir uns daf\u00fcr ein, dass unsere Website \u2013 www.italtel.com \u2013 f\u00fcr alle Menschen zug\u00e4nglich und nutzbar ist, unabh\u00e4ngig von ihren F\u00e4higkeiten.<\/p>\n<p>Unser Ziel ist es, ein inklusives Nutzungserlebnis zu bieten, das den h\u00f6chsten internationalen Standards f\u00fcr Barrierefreiheit entspricht \u2013 gem\u00e4\u00df den Web Content Accessibility Guidelines (WCAG) 2.1, Level A und AA, die vom World Wide Web Consortium (W3C) herausgegeben werden.<\/p>\n\t\t\t<\/div>\n\t\n\t<div id=\"gap-1030488109\" class=\"gap-element clearfix\" style=\"display:block; height:auto;\">\n\t\t\n<style>\n#gap-1030488109 {\n  padding-top: 8rem;\n}\n<\/style>\n\t<\/div>\n\t\n\n\t<div id=\"text-583017310\" class=\"text fontsize_16 color_black\">\n\t\t\n\n<h2>EIN FORTLAUFENDES ENGAGEMENT<\/h2>\n\t\t\t<\/div>\n\t\n\t<div id=\"text-1793671359\" class=\"text fontsize_54 color_black fontweight_500\">\n\t\t\n\n<h3>Ein stetiger und zielgerichteter Ansatz<\/h3>\n\t\t\t<\/div>\n\t\n\t<div id=\"text-198584083\" class=\"text fontsize_20 color_black fontweight_300\">\n\t\t\n\n<p data-start=\"1072\" data-end=\"1157\">Barrierefreiheit ist kein Endergebnis, sondern ein kontinuierlicher Prozess. Deshalb:<\/p>\n<ul data-start=\"1159\" data-end=\"1803\">\n<li data-start=\"1159\" data-end=\"1298\">\n<p data-start=\"1161\" data-end=\"1298\">gestalten wir unsere Templates mit besonderer Sorgfalt in Bezug auf Farbkontraste, Inhaltsstruktur und konsistente, anpassbare Elemente<\/p>\n<\/li>\n<li data-start=\"1299\" data-end=\"1414\">\n<p data-start=\"1301\" data-end=\"1414\">entwickeln wir Code, der die Nutzung mit Tastatur, Screenreadern und anderen assistiven Technologien erm\u00f6glicht<\/p>\n<\/li>\n<li data-start=\"1415\" data-end=\"1508\">\n<p>wir setzen uns daf\u00fcr ein, Alternativtexte f\u00fcr Bilder und Transkripte f\u00fcr audiovisuelle Inhalte bereitzustellen<\/p>\n<\/li>\n<li data-start=\"1509\" data-end=\"1692\">\n<p data-start=\"1511\" data-end=\"1692\">f\u00fchren wir regelm\u00e4\u00dfige Bewertungen durch, mit Hilfe automatisierter Tools, externer Pr\u00fcfungen und manueller Tests, um den Status der Barrierefreiheit unserer Website zu \u00fcberwachen<\/p>\n<\/li>\n<li data-start=\"1693\" data-end=\"1803\">\n<p data-start=\"1695\" data-end=\"1803\">integrieren wir Barrierefreiheitskriterien in die t\u00e4gliche Gestaltung digitaler Inhalte und interner Tools<\/p>\n<\/li>\n<\/ul>\n<p data-start=\"1805\" data-end=\"2003\">Wir sind uns bewusst, dass es gelegentlich zu Barrierefreiheitsproblemen auf einzelnen Seiten kommen kann \u2013 aber wir arbeiten kontinuierlich daran, diese schnellstm\u00f6glich zu erkennen und zu beheben.<\/p>\n\t\t\t<\/div>\n\t\n\t<div id=\"gap-2017780324\" class=\"gap-element clearfix\" style=\"display:block; height:auto;\">\n\t\t\n<style>\n#gap-2017780324 {\n  padding-top: 8rem;\n}\n<\/style>\n\t<\/div>\n\t\n\n\t<div id=\"text-1073359863\" class=\"text fontsize_16 color_black\">\n\t\t\n\n<h2>F\u00d6RDERUNG EINER INKLUSIVEN UNTERNEHMENSKULTUR<\/h2>\n\t\t\t<\/div>\n\t\n\t<div id=\"text-652030336\" class=\"text fontsize_54 color_black fontweight_500\">\n\t\t\n\n<h3>Barrierefrei geh\u00f6rt zur Kultur<\/h3>\n\t\t\t<\/div>\n\t\n\t<div id=\"text-3448177516\" class=\"text fontsize_20 color_black fontweight_300\">\n\t\t\n\n<p data-start=\"2119\" data-end=\"2235\">Barrierefreiheit ist ein wesentlicher Bestandteil unserer Vision von verantwortungsvoller und inklusiver Innovation.<\/p>\n<p data-start=\"2237\" data-end=\"2421\">Wir glauben, dass Unternehmen eine zentrale Rolle dabei spielen, gleiche Chancen zu f\u00f6rdern und Barrieren \u2013 sowohl digital als auch physisch \u2013 f\u00fcr Menschen mit Behinderungen abzubauen.<\/p>\n<p data-start=\"2423\" data-end=\"2678\">Unser Engagement geht \u00fcber die Website hinaus: Wir arbeiten t\u00e4glich daran, die Autonomie von Menschen innerhalb und au\u00dferhalb unseres Unternehmens zu st\u00e4rken, indem wir barrierefreie L\u00f6sungen in unsere Prozesse, Produkte und Arbeitsumgebungen integrieren.<\/p>\n<p data-start=\"2680\" data-end=\"2849\">Italtel setzt sich au\u00dferdem f\u00fcr ein inklusives und zug\u00e4ngliches Arbeitsumfeld f\u00fcr alle Mitarbeitenden ein, durch die F\u00f6rderung barrierefreier Technologien und Praktiken.<\/p>\n\t\t\t<\/div>\n\t\n\t<div id=\"gap-1772570064\" class=\"gap-element clearfix\" style=\"display:block; height:auto;\">\n\t\t\n<style>\n#gap-1772570064 {\n  padding-top: 8rem;\n}\n<\/style>\n\t<\/div>\n\t\n\n\t<div id=\"text-1713303022\" class=\"text fontsize_16 color_black\">\n\t\t\n\n<h2>UNTERST\u00dcTZUNG UND ANFRAGEN ZUR BARRIEREFREIHEIT<\/h2>\n\t\t\t<\/div>\n\t\n\t<div id=\"text-774493505\" class=\"text fontsize_54 color_black fontweight_500\">\n\t\t\n\n<h3>So melden Sie Barrieren oder kontaktieren uns<\/h3>\n\t\t\t<\/div>\n\t\n\t<div id=\"text-1910263758\" class=\"text fontsize_20 color_black fontweight_300\">\n\t\t\n\n<p>Gli utenti possono segnalare eventuali difetti di accessibilit\u00e0 inviando una email all&#8217;indirizzo: <span style=\"color: #003366;\"><a style=\"color: #003366;\" href=\"mailto:accessibility@italtel.com\">accessibility@italtel.com<\/a>.<\/span><\/p>\n\t\t\t<\/div>\n\t\n\n\t\t<\/div>\n\t\t\t\t\t<\/div>\n\n\t\n\n\n<style>\n#row-11776765 > .col > .col-inner {\n  padding: 0px 0px 2rem 0px;\n}\n<\/style>\n<\/div>\n\n\t\t<\/div>\n\n\t\t\n<style>\n#section_1806209537 {\n  padding-top: 30px;\n  padding-bottom: 30px;\n}\n<\/style>\n\t<\/section>\n\t\n\t<div id=\"gap-1862074121\" class=\"gap-element clearfix\" style=\"display:block; height:auto;\">\n\t\t\n<style>\n#gap-1862074121 {\n  padding-top: 0rem;\n}\n<\/style>\n\t<\/div>\n\t\n\n\n","protected":false},"excerpt":{"rendered":"","protected":false},"author":6,"featured_media":0,"parent":0,"menu_order":0,"comment_status":"closed","ping_status":"closed","template":"page-blank.php","meta":{"footnotes":""},"class_list":["post-76383","page","type-page","status-publish","hentry"],"yoast_head":"<!-- This site is optimized with the Yoast SEO plugin v27.4 - https:\/\/yoast.com\/product\/yoast-seo-wordpress\/ -->\n<title>Barrierefreiheit - Italtel<\/title>\n<meta name=\"robots\" content=\"index, follow, max-snippet:-1, max-image-preview:large, max-video-preview:-1\" \/>\n<link rel=\"canonical\" href=\"https:\/\/www.italtel.com\/de\/barrierefreiheit\/\" \/>\n<meta property=\"og:locale\" content=\"de_DE\" \/>\n<meta property=\"og:type\" content=\"article\" \/>\n<meta property=\"og:title\" content=\"Barrierefreiheit - Italtel\" \/>\n<meta property=\"og:url\" content=\"https:\/\/www.italtel.com\/de\/barrierefreiheit\/\" \/>\n<meta property=\"og:site_name\" content=\"Italtel\" \/>\n<meta property=\"article:modified_time\" content=\"2025-07-25T08:20:17+00:00\" \/>\n<meta property=\"og:image\" content=\"https:\/\/www.italtel.com\/wp-content\/uploads\/2024\/11\/Italtel_logo.png\" \/>\n\t<meta property=\"og:image:width\" content=\"591\" \/>\n\t<meta property=\"og:image:height\" content=\"139\" \/>\n\t<meta property=\"og:image:type\" content=\"image\/png\" \/>\n<meta name=\"twitter:card\" content=\"summary_large_image\" \/>\n<meta name=\"twitter:site\" content=\"@Italtel\" \/>\n<meta name=\"twitter:label1\" content=\"Gesch\u00e4tzte Lesezeit\" \/>\n\t<meta name=\"twitter:data1\" content=\"3\u00a0Minuten\" \/>\n<script type=\"application\/ld+json\" class=\"yoast-schema-graph\">{\"@context\":\"https:\\\/\\\/schema.org\",\"@graph\":[{\"@type\":\"WebPage\",\"@id\":\"https:\\\/\\\/www.italtel.com\\\/de\\\/barrierefreiheit\\\/\",\"url\":\"https:\\\/\\\/www.italtel.com\\\/de\\\/barrierefreiheit\\\/\",\"name\":\"Barrierefreiheit - Italtel\",\"isPartOf\":{\"@id\":\"https:\\\/\\\/www.italtel.com\\\/de\\\/#website\"},\"datePublished\":\"2025-07-02T10:41:43+00:00\",\"dateModified\":\"2025-07-25T08:20:17+00:00\",\"breadcrumb\":{\"@id\":\"https:\\\/\\\/www.italtel.com\\\/de\\\/barrierefreiheit\\\/#breadcrumb\"},\"inLanguage\":\"de\",\"potentialAction\":[{\"@type\":\"ReadAction\",\"target\":[\"https:\\\/\\\/www.italtel.com\\\/de\\\/barrierefreiheit\\\/\"]}]},{\"@type\":\"BreadcrumbList\",\"@id\":\"https:\\\/\\\/www.italtel.com\\\/de\\\/barrierefreiheit\\\/#breadcrumb\",\"itemListElement\":[{\"@type\":\"ListItem\",\"position\":1,\"name\":\"Home\",\"item\":\"https:\\\/\\\/www.italtel.com\\\/de\\\/\"},{\"@type\":\"ListItem\",\"position\":2,\"name\":\"Barrierefreiheit\"}]},{\"@type\":\"WebSite\",\"@id\":\"https:\\\/\\\/www.italtel.com\\\/de\\\/#website\",\"url\":\"https:\\\/\\\/www.italtel.com\\\/de\\\/\",\"name\":\"Italtel\",\"description\":\"Italtel Group&#039;s company website\",\"publisher\":{\"@id\":\"https:\\\/\\\/www.italtel.com\\\/de\\\/#organization\"},\"potentialAction\":[{\"@type\":\"SearchAction\",\"target\":{\"@type\":\"EntryPoint\",\"urlTemplate\":\"https:\\\/\\\/www.italtel.com\\\/de\\\/?s={search_term_string}\"},\"query-input\":{\"@type\":\"PropertyValueSpecification\",\"valueRequired\":true,\"valueName\":\"search_term_string\"}}],\"inLanguage\":\"de\"},{\"@type\":\"Organization\",\"@id\":\"https:\\\/\\\/www.italtel.com\\\/de\\\/#organization\",\"name\":\"Italtel S.p.A.\",\"url\":\"https:\\\/\\\/www.italtel.com\\\/de\\\/\",\"logo\":{\"@type\":\"ImageObject\",\"inLanguage\":\"de\",\"@id\":\"https:\\\/\\\/www.italtel.com\\\/de\\\/#\\\/schema\\\/logo\\\/image\\\/\",\"url\":\"https:\\\/\\\/www.italtel.com\\\/wp-content\\\/uploads\\\/2024\\\/11\\\/Italtel_logo.png\",\"contentUrl\":\"https:\\\/\\\/www.italtel.com\\\/wp-content\\\/uploads\\\/2024\\\/11\\\/Italtel_logo.png\",\"width\":591,\"height\":139,\"caption\":\"Italtel S.p.A.\"},\"image\":{\"@id\":\"https:\\\/\\\/www.italtel.com\\\/de\\\/#\\\/schema\\\/logo\\\/image\\\/\"},\"sameAs\":[\"https:\\\/\\\/x.com\\\/Italtel\",\"https:\\\/\\\/www.linkedin.com\\\/company\\\/italtel\\\/\",\"https:\\\/\\\/www.instagram.com\\\/italtel_hq\\\/\"]}]}<\/script>\n<!-- \/ Yoast SEO plugin. -->","yoast_head_json":{"title":"Barrierefreiheit - Italtel","robots":{"index":"index","follow":"follow","max-snippet":"max-snippet:-1","max-image-preview":"max-image-preview:large","max-video-preview":"max-video-preview:-1"},"canonical":"https:\/\/www.italtel.com\/de\/barrierefreiheit\/","og_locale":"de_DE","og_type":"article","og_title":"Barrierefreiheit - Italtel","og_url":"https:\/\/www.italtel.com\/de\/barrierefreiheit\/","og_site_name":"Italtel","article_modified_time":"2025-07-25T08:20:17+00:00","og_image":[{"width":591,"height":139,"url":"https:\/\/www.italtel.com\/wp-content\/uploads\/2024\/11\/Italtel_logo.png","type":"image\/png"}],"twitter_card":"summary_large_image","twitter_site":"@Italtel","twitter_misc":{"Gesch\u00e4tzte Lesezeit":"3\u00a0Minuten"},"schema":{"@context":"https:\/\/schema.org","@graph":[{"@type":"WebPage","@id":"https:\/\/www.italtel.com\/de\/barrierefreiheit\/","url":"https:\/\/www.italtel.com\/de\/barrierefreiheit\/","name":"Barrierefreiheit - Italtel","isPartOf":{"@id":"https:\/\/www.italtel.com\/de\/#website"},"datePublished":"2025-07-02T10:41:43+00:00","dateModified":"2025-07-25T08:20:17+00:00","breadcrumb":{"@id":"https:\/\/www.italtel.com\/de\/barrierefreiheit\/#breadcrumb"},"inLanguage":"de","potentialAction":[{"@type":"ReadAction","target":["https:\/\/www.italtel.com\/de\/barrierefreiheit\/"]}]},{"@type":"BreadcrumbList","@id":"https:\/\/www.italtel.com\/de\/barrierefreiheit\/#breadcrumb","itemListElement":[{"@type":"ListItem","position":1,"name":"Home","item":"https:\/\/www.italtel.com\/de\/"},{"@type":"ListItem","position":2,"name":"Barrierefreiheit"}]},{"@type":"WebSite","@id":"https:\/\/www.italtel.com\/de\/#website","url":"https:\/\/www.italtel.com\/de\/","name":"Italtel","description":"Italtel Group&#039;s company website","publisher":{"@id":"https:\/\/www.italtel.com\/de\/#organization"},"potentialAction":[{"@type":"SearchAction","target":{"@type":"EntryPoint","urlTemplate":"https:\/\/www.italtel.com\/de\/?s={search_term_string}"},"query-input":{"@type":"PropertyValueSpecification","valueRequired":true,"valueName":"search_term_string"}}],"inLanguage":"de"},{"@type":"Organization","@id":"https:\/\/www.italtel.com\/de\/#organization","name":"Italtel S.p.A.","url":"https:\/\/www.italtel.com\/de\/","logo":{"@type":"ImageObject","inLanguage":"de","@id":"https:\/\/www.italtel.com\/de\/#\/schema\/logo\/image\/","url":"https:\/\/www.italtel.com\/wp-content\/uploads\/2024\/11\/Italtel_logo.png","contentUrl":"https:\/\/www.italtel.com\/wp-content\/uploads\/2024\/11\/Italtel_logo.png","width":591,"height":139,"caption":"Italtel S.p.A."},"image":{"@id":"https:\/\/www.italtel.com\/de\/#\/schema\/logo\/image\/"},"sameAs":["https:\/\/x.com\/Italtel","https:\/\/www.linkedin.com\/company\/italtel\/","https:\/\/www.instagram.com\/italtel_hq\/"]}]}},"_links":{"self":[{"href":"https:\/\/www.italtel.com\/de\/wp-json\/wp\/v2\/pages\/76383","targetHints":{"allow":["GET"]}}],"collection":[{"href":"https:\/\/www.italtel.com\/de\/wp-json\/wp\/v2\/pages"}],"about":[{"href":"https:\/\/www.italtel.com\/de\/wp-json\/wp\/v2\/types\/page"}],"author":[{"embeddable":true,"href":"https:\/\/www.italtel.com\/de\/wp-json\/wp\/v2\/users\/6"}],"replies":[{"embeddable":true,"href":"https:\/\/www.italtel.com\/de\/wp-json\/wp\/v2\/comments?post=76383"}],"version-history":[{"count":7,"href":"https:\/\/www.italtel.com\/de\/wp-json\/wp\/v2\/pages\/76383\/revisions"}],"predecessor-version":[{"id":76436,"href":"https:\/\/www.italtel.com\/de\/wp-json\/wp\/v2\/pages\/76383\/revisions\/76436"}],"wp:attachment":[{"href":"https:\/\/www.italtel.com\/de\/wp-json\/wp\/v2\/media?parent=76383"}],"curies":[{"name":"wp","href":"https:\/\/api.w.org\/{rel}","templated":true}]}}