{"id":64288,"date":"2024-07-09T08:54:13","date_gmt":"2024-07-09T06:54:13","guid":{"rendered":"https:\/\/www.italtel.com\/legal-privacy\/"},"modified":"2025-05-09T13:01:18","modified_gmt":"2025-05-09T11:01:18","slug":"legal-privacy","status":"publish","type":"page","link":"https:\/\/www.italtel.com\/pt-br\/legal-privacy\/","title":{"rendered":"Legal &#038; Privacy"},"content":{"rendered":"\n\n\t<section class=\"section no_padding_section herosection\" id=\"section_1822103560\">\n\t\t<div class=\"section-bg fill\" >\n\t\t\t\t\t\t\t\t\t\n\t\t\t\n\n\t\t<\/div>\n\n\t\t\n\n\t\t<div class=\"section-content relative\">\n\t\t\t\n\n<div class=\"row\"  id=\"row-1540453190\">\n\n\n\t<div id=\"col-1254042794\" class=\"col small-12 large-12\"  >\n\t\t\t\t<div class=\"col-inner\"  >\n\t\t\t\n\t\t\t\n\n\n  <div class=\"banner has-hover borderradius_10\" id=\"banner-688106646\">\n          <div class=\"banner-inner fill\">\n        <div class=\"banner-bg fill\" >\n            <img loading=\"lazy\" decoding=\"async\" width=\"1400\" height=\"681\" src=\"https:\/\/www.italtel.com\/wp-content\/uploads\/2024\/08\/ITALTEL_OT-SECURITY.webp\" class=\"bg attachment-original size-original\" alt=\"&quot;&quot;\" \/>                        <div class=\"overlay\"><\/div>            \n                    <\/div>\n\t\t\n        <div class=\"banner-layers container\">\n            <div class=\"fill banner-link\"><\/div>            \n\n   <div id=\"text-box-1336485937\" class=\"text-box banner-layer x5 md-x5 lg-x5 y50 md-y50 lg-y50 res-text\">\n                     <div data-animate=\"none\">           <div class=\"text-box-content text dark\">\n              \n              <div class=\"text-inner text-left\">\n                  \n\n<div class=\"row\"  id=\"row-1259527391\">\n\n\n\t<div id=\"col-745664253\" class=\"col marginbottom_0 paddingbottom_0 small-12 large-12\"  >\n\t\t\t\t<div class=\"col-inner\"  >\n\t\t\t\n\t\t\t\n\n\t<div id=\"text-2501932763\" class=\"text fontweight_500 fontsize_70\">\n\t\t\n\n<h1>Legal &#038; Privacidade<\/h1>\n\t\t\n<style>\n#text-2501932763 {\n  text-align: left;\n}\n<\/style>\n\t<\/div>\n\t\n\n\t\t<\/div>\n\t\t\t\t\t<\/div>\n\n\t\n\n<\/div>\n\n              <\/div>\n           <\/div>\n       <\/div>                     \n<style>\n#text-box-1336485937 {\n  width: 60%;\n}\n#text-box-1336485937 .text-box-content {\n  font-size: 100%;\n}\n<\/style>\n    <\/div>\n \n\n        <\/div>\n      <\/div>\n\n            \n<style>\n#banner-688106646 {\n  padding-top: 40rem;\n}\n#banner-688106646 .overlay {\n  background-color: rgba(14, 144, 191, 0.593);\n}\n<\/style>\n  <\/div>\n\n\n\n\t\t<\/div>\n\t\t\t\t\t<\/div>\n\n\t\n\n<\/div>\n\t<div id=\"gap-891669695\" class=\"gap-element clearfix\" style=\"display:block; height:auto;\">\n\t\t\n<style>\n#gap-891669695 {\n  padding-top: 0px;\n}\n@media (min-width:550px) {\n  #gap-891669695 {\n    padding-top: 6rem;\n  }\n}\n<\/style>\n\t<\/div>\n\t\n\n<div class=\"row\"  id=\"row-338377518\">\n\n\n\t<div id=\"col-551114206\" class=\"col small-12 large-12\"  >\n\t\t\t\t<div class=\"col-inner\"  >\n\t\t\t\n\t\t\t\n\n\n\t\t<div class=\"tabbed-content policy_tab_cont\">\n\t\t\t\n\t\t\t<ul class=\"nav nav-simple nav-vertical nav-normal nav-size-normal nav-left\" role=\"tablist\"><li id=\"tab-pol\u00edtica-de-privacidade\" class=\"tab active has-icon\" role=\"presentation\"><a href=\"#tab_pol\u00edtica-de-privacidade\" role=\"tab\" aria-selected=\"true\" aria-controls=\"tab_pol\u00edtica-de-privacidade\"><span>Pol\u00edtica de Privacidade<\/span><\/a><\/li>\n<li id=\"tab-cookies\" class=\"tab has-icon\" role=\"presentation\"><a href=\"#Cookies\" tabindex=\"-1\" role=\"tab\" aria-selected=\"false\" aria-controls=\"tab_cookies\"><span>Pol\u00edtica de Cookies<\/span><\/a><\/li>\n<li id=\"tab-aviso-de-informa\u00e7\u00e3o-ao-titular-dos-dados\" class=\"tab has-icon\" role=\"presentation\"><a href=\"#tab_aviso-de-informa\u00e7\u00e3o-ao-titular-dos-dados\" tabindex=\"-1\" role=\"tab\" aria-selected=\"false\" aria-controls=\"tab_aviso-de-informa\u00e7\u00e3o-ao-titular-dos-dados\"><span>Aviso de Informa\u00e7\u00e3o ao Titular dos Dados<\/span><\/a><\/li>\n<li id=\"tab-aviso-de-informa\u00e7\u00e3o-sobre-marketing-direto\" class=\"tab has-icon\" role=\"presentation\"><a href=\"#tab_aviso-de-informa\u00e7\u00e3o-sobre-marketing-direto\" tabindex=\"-1\" role=\"tab\" aria-selected=\"false\" aria-controls=\"tab_aviso-de-informa\u00e7\u00e3o-sobre-marketing-direto\"><span>Aviso de Informa\u00e7\u00e3o sobre Marketing Direto<\/span><\/a><\/li>\n<li id=\"tab-aviso-de-informa\u00e7\u00e3o-sobre-newsletter-e-webinar\" class=\"tab has-icon\" role=\"presentation\"><a href=\"#tab_aviso-de-informa\u00e7\u00e3o-sobre-newsletter-e-webinar\" tabindex=\"-1\" role=\"tab\" aria-selected=\"false\" aria-controls=\"tab_aviso-de-informa\u00e7\u00e3o-sobre-newsletter-e-webinar\"><span>Aviso de Informa\u00e7\u00e3o sobre Newsletter e Webinar<\/span><\/a><\/li>\n<li id=\"tab-aviso-de-informa\u00e7\u00e3o-para-clientes-potenciais-para-fins-pr\u00e9-contratuais\" class=\"tab has-icon\" role=\"presentation\"><a href=\"#tab_aviso-de-informa\u00e7\u00e3o-para-clientes-potenciais-para-fins-pr\u00e9-contratuais\" tabindex=\"-1\" role=\"tab\" aria-selected=\"false\" aria-controls=\"tab_aviso-de-informa\u00e7\u00e3o-para-clientes-potenciais-para-fins-pr\u00e9-contratuais\"><span>Aviso de Informa\u00e7\u00e3o para Clientes Potenciais para Fins Pr\u00e9-Contratuais<\/span><\/a><\/li>\n<li id=\"tab-aviso-de-informa\u00e7\u00e3o-para-potenciais-fornecedores\" class=\"tab has-icon\" role=\"presentation\"><a href=\"#tab_aviso-de-informa\u00e7\u00e3o-para-potenciais-fornecedores\" tabindex=\"-1\" role=\"tab\" aria-selected=\"false\" aria-controls=\"tab_aviso-de-informa\u00e7\u00e3o-para-potenciais-fornecedores\"><span>Aviso de Informa\u00e7\u00e3o para Potenciais Fornecedores<\/span><\/a><\/li>\n<li id=\"tab-aviso-de-informa\u00e7\u00e3o-para-a-administra\u00e7\u00e3o-p\u00fablica\" class=\"tab has-icon\" role=\"presentation\"><a href=\"#tab_aviso-de-informa\u00e7\u00e3o-para-a-administra\u00e7\u00e3o-p\u00fablica\" tabindex=\"-1\" role=\"tab\" aria-selected=\"false\" aria-controls=\"tab_aviso-de-informa\u00e7\u00e3o-para-a-administra\u00e7\u00e3o-p\u00fablica\"><span>Aviso de Informa\u00e7\u00e3o para a Administra\u00e7\u00e3o P\u00fablica<\/span><\/a><\/li>\n<li id=\"tab-aviso-de-informa\u00e7\u00e3o-para-fornecedores\" class=\"tab has-icon\" role=\"presentation\"><a href=\"#tab_aviso-de-informa\u00e7\u00e3o-para-fornecedores\" tabindex=\"-1\" role=\"tab\" aria-selected=\"false\" aria-controls=\"tab_aviso-de-informa\u00e7\u00e3o-para-fornecedores\"><span>Aviso de Informa\u00e7\u00e3o para Fornecedores<\/span><\/a><\/li><\/ul><div class=\"tab-panels\"><div id=\"tab_pol\u00edtica-de-privacidade\" class=\"panel active entry-content\" role=\"tabpanel\" aria-labelledby=\"tab-pol\u00edtica-de-privacidade\">\n\n<h2>Pol\u00edtica de Privacidade<\/h2>\n<p>A ITALTEL S.p.A. presta aten\u00e7\u00e3o especial \u00e0 prote\u00e7\u00e3o dos dados pessoais dos visitantes de seu site www.italtel.com (doravante, tamb\u00e9m &#8220;titulares dos dados&#8221; ou &#8220;usu\u00e1rios&#8221;).<\/p>\n<p>Portanto, esta p\u00e1gina descreve os m\u00e9todos e os prop\u00f3sitos de processamento dos dados pessoais daqueles que acessam o site, conforme o artigo 13 e 14 do Regulamento (UE) 2016\/679 (doravante &#8220;Regulamento&#8221; ou &#8220;GDPR&#8221;).<\/p>\n<p>Esta Pol\u00edtica leva em considera\u00e7\u00e3o as leis nacionais e europeias aplic\u00e1veis de prote\u00e7\u00e3o de dados pessoais.<\/p>\n<p>Para servi\u00e7os espec\u00edficos, ser\u00e3o fornecidos avisos de informa\u00e7\u00f5es espec\u00edficos aos titulares dos dados e, quando necess\u00e1rio, ser\u00e1 solicitado o consentimento espec\u00edfico para o processamento dos seus dados pessoais.<\/p>\n<h3>O controlador de dados e o Encarregado de Prote\u00e7\u00e3o de Dados (DPO)<\/h3>\n<p>O Controlador de Dados \u00e9 a ITALTEL S.p.A., uma empresa com sede em Via Caldera, 21, 20153 Milano &#8211; Italia (o &#8220;Controlador de Dados&#8221; ou &#8220;ITALTEL&#8221;).<\/p>\n<p>Nos termos do Art. 37 do Regulamento, a ITALTEL nomeou o Encarregado de Prote\u00e7\u00e3o de Dados (DPO), que pode ser contatado pelo e-mail <a href=\"mailto:dpo@italtel.com\">dpo@italtel.com<\/a>.<\/p>\n<p>O Controlador de Dados no Brasil \u00e9 a ITALTEL BRASIL, empresa com sede na Rua George Ohm, 230 &#8211; Bloco B &#8211; Condom\u00ednio LWM &#8211; Conjunto 123 &#8211; 12\u00ba andar \u2013 Brooklin Novo &#8211; S\u00e3o Paulo \u2013 SP.<\/p>\n<p>Em conformidade com os artigos 6, 17, 18, 22 e 19 da Lei n\u00ba 13.709\/2018 \u2013 LGPD e com a Resolu\u00e7\u00e3o CD\/ANPD n\u00ba 18 (de 16\/06\/2024), a ITALTEL Brasil nomeou Michele Matos como Encarregada pelo Tratamento de Dados Pessoais (DPO), que pode ser contatada atrav\u00e9s do e-mail: <a href=\"mailto:dpo.brasil@italtel.com\">dpo.brasil@italtel.com<\/a>.<\/p>\n<h3>Local do processamento de dados<\/h3>\n<p>Os dados pessoais dos quais a ITALTEL \u00e9 o Controlador de Dados s\u00e3o processados nas instala\u00e7\u00f5es da ITALTEL por pessoas autorizadas e treinadas.<\/p>\n<h3>Dados de navega\u00e7\u00e3o<\/h3>\n<p>Os sistemas computacionais e os procedimentos de software usados para operar este site adquirem, durante suas opera\u00e7\u00f5es normais, alguns dados pessoais cuja transmiss\u00e3o \u00e9 impl\u00edcita no uso dos protocolos de comunica\u00e7\u00e3o da internet.<\/p>\n<p>Esses dados n\u00e3o s\u00e3o coletados para serem associados a titulares de dados identificados, mas podem ser processados e vinculados a dados mantidos por terceiros, apenas mediante solicita\u00e7\u00e3o expl\u00edcita da Autoridade Judicial, e podem identificar os usu\u00e1rios.<\/p>\n<p>Essa categoria de dados inclui os endere\u00e7os IP ou os nomes de dom\u00ednio dos computadores usados pelos usu\u00e1rios, os URIs (Identificadores Uniformes de Recursos) dos recursos solicitados, o hor\u00e1rio da solicita\u00e7\u00e3o, o m\u00e9todo usado para enviar a solicita\u00e7\u00e3o ao servidor, o tamanho do arquivo obtido em resposta, o c\u00f3digo relacionado ao status da resposta dada pelo servidor (sucesso, erro, etc.) e outros par\u00e2metros relacionados ao sistema operacional e ao ambiente de TI do usu\u00e1rio.<\/p>\n<p>Esses dados constituem o registro de conex\u00f5es e s\u00e3o usados exclusivamente para obter informa\u00e7\u00f5es estat\u00edsticas an\u00f4nimas sobre o uso do site e verificar seu funcionamento. O registro de conex\u00f5es \u00e9 mantido \u00e0 disposi\u00e7\u00e3o da Autoridade Judicial e exibido apenas mediante solicita\u00e7\u00e3o expl\u00edcita.<\/p>\n<h3>Dados fornecidos voluntariamente pelo usu\u00e1rio<\/h3>\n<p>O envio opcional, expl\u00edcito e volunt\u00e1rio de e-mails para os endere\u00e7os indicados no site implica a subsequente aquisi\u00e7\u00e3o dos dados pessoais fornecidos, como, por exemplo, o endere\u00e7o de e-mail do remetente usado para responder a solicita\u00e7\u00f5es.<\/p>\n<p>Avisos espec\u00edficos de informa\u00e7\u00f5es configurados para servi\u00e7os espec\u00edficos mediante solicita\u00e7\u00e3o est\u00e3o dispon\u00edveis nas p\u00e1ginas do site.<\/p>\n<h3>Cookies<\/h3>\n<p>Para informa\u00e7\u00f5es sobre a pol\u00edtica de cookies, consulte a p\u00e1gina dedicada \u00e0 <strong><u>Cookie Policy<\/u><\/strong>.<\/p>\n<h3>Fornecimento de dados<\/h3>\n<p>Exceto conforme especificado para os dados de navega\u00e7\u00e3o acima, o usu\u00e1rio \u00e9 livre para fornecer os dados pessoais solicitados, mas a recusa em fornec\u00ea-los pode impossibilitar a presta\u00e7\u00e3o dos servi\u00e7os solicitados.<\/p>\n<h3>M\u00e9todos de processamento e reten\u00e7\u00e3o de dados<\/h3>\n<p>Os dados pessoais s\u00e3o processados por meios automatizados pelo tempo estritamente necess\u00e1rio para atingir os objetivos para os quais foram coletados e, em qualquer caso, de acordo com os regulamentos aplic\u00e1veis.<\/p>\n<p>Ap\u00f3s esse per\u00edodo, os dados ser\u00e3o exclu\u00eddos ou transformados em forma an\u00f4nima, a menos que sua reten\u00e7\u00e3o adicional seja necess\u00e1ria para cumprir obriga\u00e7\u00f5es legais ou para atender a ordens de Autoridades P\u00fablicas e\/ou \u00d3rg\u00e3os de Supervis\u00e3o.<\/p>\n<p>Medidas de seguran\u00e7a espec\u00edficas s\u00e3o adotadas para evitar a perda de dados, uso il\u00edcito ou incorreto e acesso n\u00e3o autorizado, de acordo com o Art. 32 do GDPR.<\/p>\n<p>Finalmente, nenhum dado pessoal proveniente de servi\u00e7os da web ser\u00e1 divulgado.<\/p>\n<h3>Categorias de destinat\u00e1rios<\/h3>\n<p>Para atingir os fins mencionados acima, ou caso isso seja necess\u00e1rio ou exigido por lei ou autoridade, o Controlador de Dados reserva-se o direito de comunicar os dados aos seguintes destinat\u00e1rios:<\/p>\n<ul>\n<li>Empresas de manuten\u00e7\u00e3o de computadores ou servi\u00e7os semelhantes;<\/li>\n<li>Autoridades P\u00fablicas e \u00d3rg\u00e3os de Supervis\u00e3o e, em geral, sujeitos p\u00fablicos ou privados relevantes (ex.: Prefeitura, Delegacia de Pol\u00edcia, Autoridade Judicial, sempre dentro dos limites das leis aplic\u00e1veis);<\/li>\n<li>Outras empresas do grupo ao qual o Controlador de Dados pertence, ou qualquer empresa controladora, subsidi\u00e1ria ou associada, conforme o Art. 2359 do C\u00f3digo Civil Italiano.<\/li>\n<\/ul>\n<p><strong>Transfer\u00eancia de dados pessoais para pa\u00edses terceiros ou organiza\u00e7\u00f5es fora da UE<\/strong><\/p>\n<p>Os dados pessoais relacionados aos usu\u00e1rios deste site n\u00e3o ser\u00e3o transferidos para fora da UE.<\/p>\n<p>Quando necess\u00e1rio e, em qualquer caso, exclusivamente para o alcance dos fins mencionados, os dados pessoais podem ser transferidos para pa\u00edses ou organiza\u00e7\u00f5es fora da UE que garantam um n\u00edvel de prote\u00e7\u00e3o de dados pessoais considerado adequado pela Comiss\u00e3o Europeia com base em sua pr\u00f3pria decis\u00e3o, ou em qualquer caso, com base em outras salvaguardas adequadas, como as Cl\u00e1usulas Contratuais Padr\u00e3o adotadas pela Comiss\u00e3o Europeia.<\/p>\n<p>Uma c\u00f3pia de qualquer dado pessoal transferido para o exterior, bem como a lista dos pa\u00edses ou organiza\u00e7\u00f5es fora da UE para os quais esses dados foram transferidos, pode ser solicitada ao Controlador de Dados por correio ordin\u00e1rio para o escrit\u00f3rio do Controlador de Dados ou pelos e-mails <a href=\"mailto:privacy@italtel.com\">privacy@italtel.com<\/a> ou <a href=\"mailto:dpo@italtel.com\">dpo@italtel.com<\/a>.<\/p>\n<h3>Direitos dos titulares dos dados<\/h3>\n<p>A qualquer momento, os titulares dos dados podem exercer seus direitos perante o Controlador de Dados conforme o Cap\u00edtulo III do GDPR, como o direito de acesso, retifica\u00e7\u00e3o, integra\u00e7\u00e3o, exclus\u00e3o, restri\u00e7\u00e3o do processamento, portabilidade e o direito de obje\u00e7\u00e3o na presen\u00e7a de condi\u00e7\u00f5es legais.<\/p>\n<p>O direito de obje\u00e7\u00e3o (opt-out) ao processamento para marketing direto pode ser invocado a qualquer momento.<\/p>\n<p>Para exercer seus direitos, os titulares dos dados devem enviar uma comunica\u00e7\u00e3o para a sede da ITALTEL, especificando &#8220;Privacidade&#8221; no assunto. Alternativamente, essa comunica\u00e7\u00e3o pode ser enviada por e-mail para <a href=\"mailto:privacy@italtel.com\">privacy@italtel.com<\/a> ou entrando em contato com o Encarregado de Prote\u00e7\u00e3o de Dados (DPO) enviando um e-mail para <a href=\"mailto:dpo@italtel.com\">dpo@italtel.com<\/a>. Da mesma forma, os titulares dos dados podem solicitar a lista dos Processadores de Dados.<\/p>\n<p>Por fim, os usu\u00e1rios podem apresentar uma queixa \u00e0 Autoridade de Prote\u00e7\u00e3o de Dados da It\u00e1lia (<a href=\"http:\/\/www.garanteprivacy.it\">www.garanteprivacy.it<\/a>).<\/p>\n<p>A ITALTEL reserva-se o direito de alterar ou atualizar esta pol\u00edtica a qualquer momento. Quaisquer altera\u00e7\u00f5es ou atualiza\u00e7\u00f5es entrar\u00e3o em vigor imediatamente ap\u00f3s sua publica\u00e7\u00e3o neste site.<\/p>\n\n<\/div>\n<div id=\"tab_cookies\" class=\"panel entry-content\" role=\"tabpanel\" aria-labelledby=\"tab-cookies\">\n\n<h2>Pol\u00edtica de Cookies<\/h2>\n<p>Nenhum dado pessoal do usu\u00e1rio \u00e9 adquirido diretamente pela ITALTEL atrav\u00e9s dos cookies do site. N\u00e3o usamos cookies para transmitir informa\u00e7\u00f5es de natureza pessoal.<\/p>\n<p>O uso de cookies de sess\u00e3o (que n\u00e3o s\u00e3o armazenados de forma persistente no computador do usu\u00e1rio e desaparecem quando o navegador \u00e9 fechado) \u00e9 estritamente limitado \u00e0 transmiss\u00e3o de identificadores de sess\u00e3o (compostos por n\u00fameros aleat\u00f3rios gerados pelo servidor) necess\u00e1rios para permitir a navega\u00e7\u00e3o segura e eficiente no site.<\/p>\n<p>Os cookies de sess\u00e3o usados neste site evitam o uso de outras t\u00e9cnicas potencialmente prejudiciais \u00e0 confidencialidade da navega\u00e7\u00e3o dos usu\u00e1rios e n\u00e3o permitem a aquisi\u00e7\u00e3o de dados pessoais que identifiquem o usu\u00e1rio.<\/p>\n<p>Tamb\u00e9m s\u00e3o usados neste site cookies persistentes, ou seja, cookies que permanecem armazenados no disco r\u00edgido do computador at\u00e9 sua expira\u00e7\u00e3o ou exclus\u00e3o pelos usu\u00e1rios\/visitantes. A exclus\u00e3o dos cookies n\u00e3o impede o uso dos sites e\/ou aplicativos mencionados acima.<\/p>\n<p>Atrav\u00e9s de cookies persistentes, os usu\u00e1rios que acessam o site s\u00e3o automaticamente reconhecidos a cada visita.<\/p>\n<p>Os usu\u00e1rios podem configurar o navegador em seu pr\u00f3prio computador ou dispositivo m\u00f3vel para aceitar\/recusar todos os cookies ou para alert\u00e1-los sempre que um cookie for armazenado, permitindo avaliar se aceitam ou n\u00e3o.<\/p>\n<p>Por padr\u00e3o, quase todos os navegadores da web s\u00e3o configurados para aceitar cookies automaticamente.<\/p>\n<p>O usu\u00e1rio ainda pode alterar a configura\u00e7\u00e3o padr\u00e3o. Abaixo est\u00e3o os links para configurar o gerenciamento de cookies nos principais navegadores:<\/p>\n<p>Internet Explorer: <a href=\"http:\/\/support.microsoft.com\/gp\/cookies\">http:\/\/support.microsoft.com\/gp\/cookies<\/a><\/p>\n<p>Firefox: <a href=\"https:\/\/support.mozilla.org\/it\/kb\/Gestione%20dei%20cookie\">https:\/\/support.mozilla.org\/it\/kb\/Gestione%20dei%20cookie<\/a><\/p>\n<p>Chrome: <a href=\"https:\/\/support.google.com\/chrome\/answer\/95647?hl=it\">https:\/\/support.google.com\/chrome\/answer\/95647?hl=it<\/a><\/p>\n<p>Safari: <a href=\"https:\/\/support.apple.com\/it-it\/HT201265\">https:\/\/support.apple.com\/it-it\/HT201265<\/a><\/p>\n<p>Opera: <a href=\"http:\/\/help.opera.com\/Windows\/10.00\/it\/cookies.html\">http:\/\/help.opera.com\/Windows\/10.00\/it\/cookies.html<\/a><\/p>\n<p>A exclus\u00e3o de cookies n\u00e3o impede o uso do Servi\u00e7o, mas implica a repeti\u00e7\u00e3o do procedimento de autentica\u00e7\u00e3o, ou seja, a reintegra\u00e7\u00e3o das credenciais de acesso pelo usu\u00e1rio.<\/p>\n<p>Se voc\u00ea deseja decidir se aceita ou n\u00e3o os cookies, tamb\u00e9m pode configurar seu navegador para gerar um aviso sempre que um cookie for salvo.<\/p>\n<p>Aviso: a desativa\u00e7\u00e3o de todos ou parte dos cookies t\u00e9cnicos pode prejudicar o uso das funcionalidades do site reservadas para usu\u00e1rios registrados. Por outro lado, tamb\u00e9m \u00e9 poss\u00edvel desativar completamente os cookies em rela\u00e7\u00e3o \u00e0 usabilidade do conte\u00fado p\u00fablico.<\/p>\n<p>O site <a href=\"http:\/\/www.italtel.com\" target=\"_blank\" rel=\"noopener\">www.italtel.com<\/a> permite a transmiss\u00e3o de cookies de sites ou servidores web diferentes (cookies de &#8220;terceiros&#8221;) que o usu\u00e1rio pode receber em seu terminal. Isso ocorre porque o site pode apresentar elementos como imagens, mapas, sons, links espec\u00edficos para p\u00e1ginas da web de outros dom\u00ednios que residem em um servidor diferente daquele onde a p\u00e1gina solicitada est\u00e1. Em outras palavras, esses cookies s\u00e3o configurados diretamente pelos operadores de sites ou servidores diferentes do nosso.<\/p>\n<p>A desativa\u00e7\u00e3o dos cookies &#8220;de terceiros&#8221; n\u00e3o afeta de forma alguma a navegabilidade.<\/p>\n<p>A ITALTEL est\u00e1 fora das opera\u00e7\u00f5es de &#8220;cookies de terceiros&#8221;, sendo responsabilidade desses terceiros.<\/p>\n<h2>Cookies do Dynamics 365<\/h2>\n<p>Em particular, o site pode fazer uso das seguintes ferramentas, que geram cookies de terceiros:<\/p>\n<ul>\n<li><strong>Dynamics 365 Marketing \u2013 Cookie de an\u00e1lise comportamental de longo prazo<\/strong>. Esse cookie \u00e9 configurado e\/ou lido em qualquer p\u00e1gina onde voc\u00ea tenha colocado um script de an\u00e1lise comportamental do Dynamics 365 Marketing. Ele permite que o Dynamics 365 Marketing pontue os leads com base no n\u00edvel de intera\u00e7\u00e3o deles com um site espec\u00edfico. O cookie n\u00e3o cont\u00e9m informa\u00e7\u00f5es pessoais, mas identifica de forma \u00fanica um navegador espec\u00edfico em uma m\u00e1quina espec\u00edfica, e o Dynamics 365 Marketing pode us\u00e1-lo para correlacionar esse ID com um contato real no banco de dados do Dynamics 365 Marketing. O cookie permanece ativo por dois anos.<\/li>\n<li><strong>Dynamics 365 Marketing \u2013 Cookie de visita \u00fanica de curto prazo<\/strong>. Este cookie tamb\u00e9m \u00e9 configurado e\/ou lido em qualquer p\u00e1gina onde voc\u00ea tenha colocado um script de an\u00e1lise comportamental do Dynamics 365 Marketing. Por padr\u00e3o, ele expira ap\u00f3s 30 minutos. O Dynamics 365 Marketing usa esse cookie para agrupar todos os carregamentos de p\u00e1gina de um visitante espec\u00edfico, registrados pelo mesmo script de an\u00e1lise comportamental, ocorrendo dentro do per\u00edodo de tempo configurado. Ele considerar\u00e1 todos esses como parte de uma \u00fanica &#8220;visita&#8221; ao site.<\/li>\n<li><strong>Dynamics 365 Marketing \u2013 Cookie de registro de p\u00e1gina de marketing<\/strong>. Esse cookie \u00e9 configurado quando um contato envia uma p\u00e1gina de marketing onde a caixa &#8220;Lembrar das minhas informa\u00e7\u00f5es&#8221; foi selecionada. Permite que a p\u00e1gina de marketing exiba um formul\u00e1rio pr\u00e9-preenchido na pr\u00f3xima vez que o mesmo contato a usar. As informa\u00e7\u00f5es armazenadas no cookie s\u00e3o um identificador \u00fanico criptografado e n\u00e3o cont\u00eam os dados enviados nem meios para uma aplica\u00e7\u00e3o externa descobrir as informa\u00e7\u00f5es enviadas.<\/li>\n<li><strong>Dynamics 365 Marketing \u2013 Website de eventos<\/strong>. O website de eventos usa um cookie de sess\u00e3o para permitir que os contatos fa\u00e7am login e se registrem para eventos. Al\u00e9m disso, usa cookies para armazenar o idioma do usu\u00e1rio.<\/li>\n<\/ul>\n<p>Voc\u00ea pode descobrir mais sobre quais cookies estamos usando ou desativ\u00e1-los nas <a href=\"https:\/\/www.italtel.com\/about\/privacy\/cookie-policy\/#moove_gdpr_cookie_modal\">configura\u00e7\u00f5es.<\/a><\/p>\n\n<\/div>\n<div id=\"tab_aviso-de-informa\u00e7\u00e3o-ao-titular-dos-dados\" class=\"panel entry-content\" role=\"tabpanel\" aria-labelledby=\"tab-aviso-de-informa\u00e7\u00e3o-ao-titular-dos-dados\">\n\n<h2>Aviso de Informa\u00e7\u00e3o ao Titular dos Dados<\/h2>\n<p>A Italtel S.p.A., com sede em Viale L. Schiavonetti, 270\/F, 00173 Roma, na qualidade de Controladora de Dados (doravante referida como \u201cITALTEL\u201d ou \u201cControladora de Dados\u201d), nos termos dos Art. 13 e 14 do Regulamento (UE) 2016\/679 (\u201cGDPR\u201d), deseja informar-lhe o seguinte:<\/p>\n<h3>Categorias e Fonte dos Dados Pessoais<\/h3>\n<p>A ITALTEL processa seus dados pessoais, pois voc\u00ea \u00e9 o representante legal, procurador e\/ou interface designado pela empresa cliente na gest\u00e3o dos relacionamentos contratuais entre o cliente e a ITALTEL, ou outras empresas do Grupo Italtel.<\/p>\n<p>Seus dados pessoais s\u00e3o compostos por dados comuns, como nome, detalhes digitais e telef\u00f4nicos, cargo\/responsabilidade que voc\u00ea ocupa dentro da empresa cliente, junto com os dados econ\u00f4micos e financeiros, raz\u00e3o social, sede e dados banc\u00e1rios da empresa cliente.<\/p>\n<p>Os dados pessoais mencionados foram coletados de voc\u00ea ou fornecidos pelo seu empregador ou, de qualquer forma, pela empresa cliente em nome da qual voc\u00ea atua e realiza suas atividades.<\/p>\n<h3>Finalidade do Processamento<\/h3>\n<p>Seus dados pessoais podem ser processados para as seguintes finalidades:<\/p>\n<ul>\n<li>Execu\u00e7\u00e3o do relacionamento contratual entre a ITALTEL e a empresa cliente da qual voc\u00ea \u00e9 a interface designada e\/ou representante legal ou procurador; tal contrato pode ser, sem limita\u00e7\u00e3o, de venda, servi\u00e7os, licenciamento, contrato de manuten\u00e7\u00e3o, etc.;<\/li>\n<li>Execu\u00e7\u00e3o das obriga\u00e7\u00f5es administrativas, gerenciais e cont\u00e1beis relacionadas;<\/li>\n<li>Cumprimento de obriga\u00e7\u00f5es legais;<\/li>\n<li>Promo\u00e7\u00e3o de novos produtos similares aos j\u00e1 vendidos pela Controladora de Dados, atrav\u00e9s do envio de brochuras promocionais, material informativo, convites para simp\u00f3sios, eventos especiais, confer\u00eancias, semin\u00e1rios, workshops, etc.;<\/li>\n<li>Pesquisa de mercado antes do desenvolvimento de novos produtos\/servi\u00e7os similares aos j\u00e1 vendidos pela Controladora de Dados e a identifica\u00e7\u00e3o e avalia\u00e7\u00e3o das necessidades do mercado (por exemplo, preenchimento de question\u00e1rios) em rela\u00e7\u00e3o ao setor de mercado em que a Controladora de Dados opera;<\/li>\n<li>Seguran\u00e7a da informa\u00e7\u00e3o;<\/li>\n<li>Necessidades de defesa.<\/li>\n<\/ul>\n<h3>Base Legal para o Processamento<\/h3>\n<p>A base legal para o processamento \u00e9 o cumprimento das obriga\u00e7\u00f5es contratuais entre as partes, as obriga\u00e7\u00f5es legais relacionadas, os interesses leg\u00edtimos da Controladora de Dados e o consentimento do titular dos dados.<\/p>\n<p>O interesse leg\u00edtimo \u00e9 estabelecido pelas necessidades de seguran\u00e7a e defesa da Controladora de Dados. Voc\u00ea pode, a qualquer momento, se opor ao processamento realizado para os interesses leg\u00edtimos da Controladora de Dados.<\/p>\n<p>A Controladora de Dados, no caso do exerc\u00edcio do direito de obje\u00e7\u00e3o pelo titular dos dados, se abst\u00e9m de processar os dados pessoais, a menos que demonstre raz\u00f5es leg\u00edtimas convincentes para o processamento que prevale\u00e7am sobre os interesses, direitos e liberdades do titular dos dados ou para o estabelecimento, exerc\u00edcio ou defesa de reivindica\u00e7\u00f5es legais.<\/p>\n<p>Para fins de marketing direto de produtos e servi\u00e7os semelhantes aos que a ITALTEL j\u00e1 lhe vendeu, o seu consentimento pr\u00e9vio para o uso de seu e-mail previamente fornecido n\u00e3o \u00e9 necess\u00e1rio, mas voc\u00ea pode retirar o consentimento a qualquer momento, de forma f\u00e1cil e gratuita, rejeitando tal uso, por exemplo, usando os links para a op\u00e7\u00e3o de opt-out inclu\u00eddos em cada comunica\u00e7\u00e3o comercial.<\/p>\n<h3>M\u00e9todos de Processamento e Reten\u00e7\u00e3o dos Dados<\/h3>\n<p>O processamento ser\u00e1 realizado utilizando meios manuais e\/ou automatizados adequados para garantir a seguran\u00e7a e confidencialidade dos dados, estritamente relacionados \u00e0s finalidades do processamento.<\/p>\n<p>Seus dados ser\u00e3o armazenados por dez anos a partir da rescis\u00e3o do relacionamento contratual, ou at\u00e9 o t\u00e9rmino do prazo de direitos que voc\u00ea ou a empresa cliente com a qual voc\u00ea tem rela\u00e7\u00e3o com a ITALTEL possam reivindicar e, em caso de a\u00e7\u00e3o judicial em andamento, at\u00e9 a conclus\u00e3o de todos os n\u00edveis judiciais de qualquer processo.<\/p>\n<h3>Natureza do Processamento<\/h3>\n<p>O fornecimento de dados \u00e9 opcional, mas necess\u00e1rio para a execu\u00e7\u00e3o do relacionamento contratual e, em particular, para cumprir as obriga\u00e7\u00f5es contratuais e quaisquer obriga\u00e7\u00f5es administrativas e cont\u00e1beis relacionadas.<\/p>\n<h3>Transfer\u00eancia de Dados Pessoais<\/h3>\n<p>Os dados da empresa cliente e, quando necess\u00e1rio, seus dados pessoais podem ser divulgados a:<\/p>\n<ul>\n<li>Empresa de auditoria para obriga\u00e7\u00f5es fiscais e cont\u00e1beis legais;<\/li>\n<li>Fornecedores de produtos e servi\u00e7os para a execu\u00e7\u00e3o do relacionamento contratual ou para obriga\u00e7\u00f5es relacionadas;<\/li>\n<li>Entidades p\u00fablicas e outros clientes para confirmar os requisitos t\u00e9cnicos e profissionais limitados aos dados relativos \u00e0 atividade econ\u00f4mica;<\/li>\n<li>Administra\u00e7\u00e3o p\u00fablica e entidades p\u00fablicas para cumprimento da lei;<\/li>\n<li>Institui\u00e7\u00f5es banc\u00e1rias e seguradoras para participa\u00e7\u00e3o em licita\u00e7\u00f5es;<\/li>\n<li>Terceiros para garantir o exerc\u00edcio do direito de defesa (escrit\u00f3rios de advocacia) ou autoridades judiciais, em conformidade com suas ordens.<\/li>\n<\/ul>\n<p>Os sujeitos acima atuar\u00e3o como Controladores de Dados aut\u00f4nomos (por exemplo, entidades p\u00fablicas), ou como Processadores de Dados. Os dados em quest\u00e3o poder\u00e3o ser divulgados a outras partes apenas se necess\u00e1rio para fins de preven\u00e7\u00e3o, detec\u00e7\u00e3o ou repress\u00e3o de crimes, em conformidade com a legisla\u00e7\u00e3o aplic\u00e1vel.<\/p>\n<h3>Transfer\u00eancia de Dados Pessoais Fora da UE<\/h3>\n<p>Alguns de seus dados pessoais tamb\u00e9m podem ser divulgados a outras empresas do Grupo Italtel, no exterior, incluindo pa\u00edses fora da UE, para fins de implementa\u00e7\u00e3o do contrato ou fins promocionais, ou a agentes ou promotores para fins promocionais.<\/p>\n<p>A transfer\u00eancia ser\u00e1 realizada em rela\u00e7\u00e3o a pa\u00edses com n\u00edvel adequado de prote\u00e7\u00e3o reconhecido por decis\u00e3o da Comiss\u00e3o Europeia, ou na presen\u00e7a das condi\u00e7\u00f5es previstas pelo Art. 46 do GDPR para salvaguardas adequadas, incluindo, mas n\u00e3o se limitando a, cl\u00e1usulas contratuais padr\u00e3o, regras corporativas vinculantes, ades\u00e3o a c\u00f3digos de conduta ou sistemas de certifica\u00e7\u00e3o e, em qualquer caso, em conformidade com o Cap\u00edtulo V do GDPR.<\/p>\n<p>Todos os pa\u00edses fora da UE nos quais h\u00e1 empresas do Grupo ITALTEL para os quais seus dados possam ser transferidos est\u00e3o listados no site <a href=\"http:\/\/www.italtel.com\">www.italtel.com<\/a>, enquanto a lista atualizada de pa\u00edses com legisla\u00e7\u00e3o de prote\u00e7\u00e3o de dados pessoais considerada adequada pela Comiss\u00e3o Europeia est\u00e1 acess\u00edvel no site oficial da Autoridade de Prote\u00e7\u00e3o de Dados da It\u00e1lia neste link <a href=\"https:\/\/www.gpdp.it\/temi\/trasferimento-di-dati-all-estero\" target=\"_blank\" rel=\"noopener\">https:\/\/www.gpdp.it\/temi\/trasferimento-di-dati-all-estero<\/a>.<\/p>\n<p>Al\u00e9m disso, a ITALTEL pode aderir aos C\u00f3digos de Conduta de seu setor ou aos mecanismos de certifica\u00e7\u00e3o que permitam a transfer\u00eancia de dados fora da UE, de acordo com o Art. 46 do GDPR e, neste caso, fornecer\u00e1 tamb\u00e9m as informa\u00e7\u00f5es adequadas por meio de seu pr\u00f3prio site.<\/p>\n<h3>Direitos dos Titulares dos Dados<\/h3>\n<p>A qualquer momento, voc\u00ea pode exercer seus direitos perante a Controladora de Dados previstos no Cap\u00edtulo III do GDPR, como o direito de acesso, retifica\u00e7\u00e3o, complementa\u00e7\u00e3o, exclus\u00e3o, restri\u00e7\u00e3o do processamento, portabilidade e o direito de obje\u00e7\u00e3o, quando houver condi\u00e7\u00f5es legais.<\/p>\n<p>O direito de obje\u00e7\u00e3o (opt-out) ao processamento para marketing direto pode ser invocado a qualquer momento.<\/p>\n<p>Para exercer seus direitos, voc\u00ea dever\u00e1 enviar uma comunica\u00e7\u00e3o para a sede da ITALTEL, especificando \u201cPrivacidade\u201d no assunto. Alternativamente, essa comunica\u00e7\u00e3o pode ser enviada para o endere\u00e7o de e-mail <a href=\"mailto:privacy@italtel.com\">privacy@italtel.com<\/a>, ou entrando em contato com o Encarregado de Prote\u00e7\u00e3o de Dados (DPO) enviando um e-mail para <a href=\"mailto:dpo@italtel.com\">dpo@italtel.com<\/a>. Da mesma forma, voc\u00ea pode solicitar a lista dos Processadores de Dados.<\/p>\n<p>Finalmente, lembre-se de que voc\u00ea pode apresentar uma reclama\u00e7\u00e3o \u00e0 Autoridade de Prote\u00e7\u00e3o de Dados da It\u00e1lia (<a href=\"http:\/\/www.garanteprivacy.it\">www.garanteprivacy.it<\/a>).<\/p>\n\n<\/div>\n<div id=\"tab_aviso-de-informa\u00e7\u00e3o-sobre-marketing-direto\" class=\"panel entry-content\" role=\"tabpanel\" aria-labelledby=\"tab-aviso-de-informa\u00e7\u00e3o-sobre-marketing-direto\">\n\n<h2>Aviso de Informa\u00e7\u00e3o sobre Marketing Direto<\/h2>\n<p>A Italtel S.p.A., com sede em Viale L. Schiavonetti, 270\/F, 00173 Roma, na qualidade de Controladora de Dados (doravante referida como \u201cITALTEL\u201d ou \u201cControladora de Dados\u201d), nos termos dos Art. 13 e 14 do Regulamento (UE) 2016\/679 (\u201cGDPR\u201d), deseja informar-lhe o seguinte:<\/p>\n<h3>Categorias e Fonte dos Dados Pessoais<\/h3>\n<p>Seus dados pessoais, como nome e dados de contato, foram coletados de voc\u00ea ou de terceiros (como fornecedores ou parceiros).<\/p>\n<h3>Finalidade do Processamento<\/h3>\n<p>Seus dados pessoais poder\u00e3o ser processados para fins de<em> marketing direto<\/em>, enviando, por e-mail, material promocional relacionado aos produtos e servi\u00e7os do Grupo Italtel, incluindo brochuras promocionais, convites para workshops, congressos, feiras ou outros eventos.<\/p>\n<p>Seus dados pessoais tamb\u00e9m ser\u00e3o processados para o cumprimento de obriga\u00e7\u00f5es legais e para defesa de reivindica\u00e7\u00f5es ou cumprimento de ordens das Autoridades.<\/p>\n<h3>Base Legal para o Processamento<\/h3>\n<p>Seus dados pessoais ser\u00e3o processados para as finalidades acima mencionadas, apenas com o seu consentimento expl\u00edcito; para expressar seu consentimento, basta marcar a caixa ou clicar no link fornecido no e-mail. Qualquer resposta ao e-mail enviado ser\u00e1 processada em conformidade com o GDPR.<\/p>\n<p>A \u00fanica consequ\u00eancia da falta de consentimento \u00e9 que n\u00e3o poderemos utilizar seus dados pessoais para fins promocionais.<\/p>\n<h3>M\u00e9todos de Processamento e Reten\u00e7\u00e3o dos Dados<\/h3>\n<p>O processamento de seus dados pessoais ser\u00e1 realizado utilizando meios manuais e\/ou automatizados adequados para garantir a seguran\u00e7a e confidencialidade dos dados, estritamente relacionados \u00e0s finalidades do processamento.<\/p>\n<p>Seus dados pessoais ser\u00e3o armazenados por dois anos a partir do \u00faltimo contato, salvo se voc\u00ea conceder seu consentimento novamente.<\/p>\n<h3>Direitos dos Titulares dos Dados<\/h3>\n<p>A qualquer momento, voc\u00ea pode exercer seus direitos perante a Controladora de Dados previstos no GDPR, como, por exemplo, o direito de acesso, retifica\u00e7\u00e3o, complementa\u00e7\u00e3o, exclus\u00e3o, restri\u00e7\u00e3o do processamento, portabilidade e o direito de obje\u00e7\u00e3o, quando houver condi\u00e7\u00f5es legais.<\/p>\n<p>O direito de obje\u00e7\u00e3o (opt-out) ao processamento para marketing direto pode ser invocado a qualquer momento. Nesse sentido, a ITALTEL lembrar\u00e1, em cada envio promocional, como voc\u00ea pode se opor de forma livre e f\u00e1cil (por exemplo, clicando em um link especial ou enviando um simples e-mail para um endere\u00e7o dedicado).<\/p>\n<p>Para exercer seus direitos, voc\u00ea dever\u00e1 enviar uma comunica\u00e7\u00e3o para a sede da ITALTEL, especificando \u201cPrivacidade\u201d no assunto. Alternativamente, essa comunica\u00e7\u00e3o pode ser enviada para o endere\u00e7o de e-mail <a href=\"mailto:privacy@italtel.com\">privacy@italtel.com<\/a>, ou entrando em contato com o Encarregado de Prote\u00e7\u00e3o de Dados (DPO) enviando um e-mail para <a href=\"mailto:dpo@italtel.com\">dpo@italtel.com<\/a>. Da mesma forma, voc\u00ea pode solicitar a lista dos Processadores de Dados.<\/p>\n<p>Finalmente, lembre-se de que voc\u00ea pode apresentar uma reclama\u00e7\u00e3o \u00e0 Autoridade de Prote\u00e7\u00e3o de Dados da It\u00e1lia (<a href=\"http:\/\/www.garanteprivacy.it)\">www.garanteprivacy.it)<\/a>.<\/p>\n\n<\/div>\n<div id=\"tab_aviso-de-informa\u00e7\u00e3o-sobre-newsletter-e-webinar\" class=\"panel entry-content\" role=\"tabpanel\" aria-labelledby=\"tab-aviso-de-informa\u00e7\u00e3o-sobre-newsletter-e-webinar\">\n\n<h2>Aviso de Informa\u00e7\u00e3o sobre Newsletter e Webinar<\/h2>\n<p>A Italtel S.p.A., com sede em Viale L. Schiavonetti, 270\/F, 00173 Roma, na qualidade de Controladora de Dados (doravante referida como \u201cITALTEL\u201d ou \u201cControladora de Dados\u201d), nos termos dos Art. 13 e 14 do Regulamento (UE) 2016\/679 (\u201cGDPR\u201d), deseja informar-lhe o seguinte:<\/p>\n<h3>Categorias e Fonte dos Dados Pessoais<\/h3>\n<p>Os dados pessoais que ser\u00e3o processados s\u00e3o aqueles inseridos por voc\u00ea no formul\u00e1rio de solicita\u00e7\u00e3o.<\/p>\n<h3>Finalidade do Processamento<\/h3>\n<p>Seus dados pessoais ser\u00e3o processados para as seguintes finalidades:<\/p>\n<ul>\n<li>Permitir que voc\u00ea participe de webinars gratuitos organizados pela Italtel, inclusive por meio de terceiros;<\/li>\n<li>Enviar-lhe a newsletter contendo informa\u00e7\u00f5es sobre o Grupo Italtel, incluindo produtos e servi\u00e7os;<\/li>\n<li>Cumprir com obriga\u00e7\u00f5es legais (ou seja, libera\u00e7\u00e3o de aviso de informa\u00e7\u00f5es ou libera\u00e7\u00e3o de dados para as Autoridades);<\/li>\n<li>Garantir a seguran\u00e7a da informa\u00e7\u00e3o;<\/li>\n<li>Atender a necessidades de defesa.<\/li>\n<li>any defensive needs.<\/li>\n<\/ul>\n<h3>Base Legal para o Processamento<\/h3>\n<p>A base legal para o processamento est\u00e1 relacionada \u00e0 necessidade de permitir sua participa\u00e7\u00e3o nos webinars, ao seu consentimento para o envio da newsletter, \u00e0s obriga\u00e7\u00f5es legais e ao leg\u00edtimo interesse da Controladora de Dados, que inclui requisitos de defesa e seguran\u00e7a, bem como comunica\u00e7\u00e3o dentro do Grupo.<\/p>\n<p>Para o processamento baseado no consentimento, lembre-se de que ele \u00e9 sempre revog\u00e1vel, de forma f\u00e1cil e gratuita; em cada newsletter voc\u00ea encontrar\u00e1 um link especial para retirar seu consentimento. A retirada do consentimento n\u00e3o afeta os processos anteriores.<\/p>\n<p>Se o processamento dos dados for realizado por leg\u00edtimo interesse da Controladora de Dados, e caso haja uma situa\u00e7\u00e3o particular sua, voc\u00ea pode se opor ao processamento.<\/p>\n<p>Nesse caso, a Controladora de Dados se abster\u00e1 de processar mais dados, a menos que demonstre raz\u00f5es leg\u00edtimas convincentes para o processamento que se sobreponham aos interesses, direitos e liberdades do titular dos dados ou para a constitui\u00e7\u00e3o, exerc\u00edcio ou defesa de reivindica\u00e7\u00f5es legais.<\/p>\n<h3>M\u00e9todos de Processamento e Reten\u00e7\u00e3o dos Dados<\/h3>\n<p>O processamento de seus dados pessoais ser\u00e1 realizado utilizando meios manuais e\/ou automatizados adequados para garantir a seguran\u00e7a e confidencialidade dos dados, estritamente relacionados \u00e0s finalidades do processamento.<\/p>\n<p>Seus dados pessoais ser\u00e3o armazenados por dois anos, salvo se voc\u00ea conceder seu consentimento novamente.<\/p>\n<h3>Destinat\u00e1rios dos Dados Pessoais<\/h3>\n<p>Seus dados podem ser divulgados a terceiros, como:<\/p>\n<ul>\n<li>Empresas organizadoras do webinar;<\/li>\n<li>Entidades p\u00fablicas para cumprir obriga\u00e7\u00f5es legais;<\/li>\n<li>Autoridades judiciais ou escrit\u00f3rios de advocacia para eventuais defesas.<\/li>\n<\/ul>\n<h3>Direitos dos Titulares dos Dados<\/h3>\n<p>A qualquer momento, voc\u00ea pode exercer seus direitos perante a Controladora de Dados previstos no Cap\u00edtulo III do GDPR, como, por exemplo, o direito de acesso, retifica\u00e7\u00e3o, complementa\u00e7\u00e3o, exclus\u00e3o, restri\u00e7\u00e3o do processamento, portabilidade e o direito de obje\u00e7\u00e3o quando houver condi\u00e7\u00f5es legais.<\/p>\n<p>O direito de obje\u00e7\u00e3o (opt-out) ao processamento para marketing direto pode ser invocado a qualquer momento.<\/p>\n<p>Nesse sentido, a ITALTEL lembrar\u00e1 que, em cada e-mail contendo a newsletter, voc\u00ea encontrar\u00e1 um link para retirar seu consentimento.<\/p>\n<p>Para exercer seus direitos, voc\u00ea dever\u00e1 enviar uma comunica\u00e7\u00e3o para a sede da ITALTEL, especificando \u201cPrivacidade\u201d no assunto. Alternativamente, essa comunica\u00e7\u00e3o pode ser enviada para o endere\u00e7o de e-mail <a href=\"mailto:privacy@italtel.com\">privacy@italtel.com<\/a>, ou entrando em contato com o Encarregado de Prote\u00e7\u00e3o de Dados (DPO) enviando um e-mail para <a href=\"mailto:dpo@italtel.com\">dpo@italtel.com<\/a>. Da mesma forma, voc\u00ea pode solicitar a lista dos Processadores de Dados.<\/p>\n<p>Finalmente, lembre-se de que voc\u00ea pode apresentar uma reclama\u00e7\u00e3o \u00e0 Autoridade de Prote\u00e7\u00e3o de Dados da It\u00e1lia (<a href=\"http:\/\/www.garanteprivacy.it\">www.garanteprivacy.it<\/a>).<\/p>\n\n<\/div>\n<div id=\"tab_aviso-de-informa\u00e7\u00e3o-para-clientes-potenciais-para-fins-pr\u00e9-contratuais\" class=\"panel entry-content\" role=\"tabpanel\" aria-labelledby=\"tab-aviso-de-informa\u00e7\u00e3o-para-clientes-potenciais-para-fins-pr\u00e9-contratuais\">\n\n<h2>Aviso de Informa\u00e7\u00e3o para Clientes Potenciais para Fins Pr\u00e9-Contratuais<\/h2>\n<p>A Italtel S.p.A., com sede em Viale L. Schiavonetti, 270\/F, 00173 Roma, na qualidade de Controladora de Dados (doravante referida como \u201cITALTEL\u201d ou \u201cControladora de Dados\u201d), nos termos dos Art. 13 e 14 do Regulamento (UE) 2016\/679 (\u201cGDPR\u201d), deseja informar-lhe o seguinte:<\/p>\n<h3>Categorias e Fonte dos Dados Pessoais<\/h3>\n<p>Seus dados pessoais s\u00e3o compostos por dados comuns, como, por exemplo, seu nome, seu endere\u00e7o de e-mail, seus n\u00fameros de telefone, sua posi\u00e7\u00e3o dentro da Empresa que possa ter uma rela\u00e7\u00e3o contratual para a compra de produtos e\/ou servi\u00e7os com a ITALTEL.<\/p>\n<h3>Finalidade do Processamento<\/h3>\n<p>Seus dados pessoais poder\u00e3o ser processados para as seguintes finalidades:<\/p>\n<ul>\n<li>Execu\u00e7\u00e3o de uma rela\u00e7\u00e3o pr\u00e9-contratual a seu pedido (ou da Empresa que voc\u00ea representa para a oferta), caso tenha solicitado informa\u00e7\u00f5es sobre nossos produtos ou servi\u00e7os, ou se tenha solicitado cota\u00e7\u00f5es ou, de maneira geral, informa\u00e7\u00f5es comerciais;<\/li>\n<li>Cumprimento de obriga\u00e7\u00f5es legais (ou seja, legisla\u00e7\u00e3o de privacidade);<\/li>\n<li>Seguran\u00e7a corporativa, caso voc\u00ea tenha acesso \u00e0s depend\u00eancias da Italtel;<\/li>\n<li>Seguran\u00e7a da informa\u00e7\u00e3o;<\/li>\n<li>Necessidades de defesa.<\/li>\n<\/ul>\n<h3>M\u00e9todos de Processamento<\/h3>\n<p>O processamento ser\u00e1 realizado por meios manuais e\/ou automatizados adequados para garantir a seguran\u00e7a e confidencialidade dos dados.<\/p>\n<h3>Fonte dos Dados Pessoais e Natureza do Processamento<\/h3>\n<p>Seus dados pessoais foram coletados de voc\u00ea ou foram fornecidos pelo seu empregador ou, em qualquer caso, pela Empresa em nome da qual voc\u00ea atua e realiza sua atividade.<\/p>\n<p>A fornecimento de dados \u00e9 opcional, mas necess\u00e1rio para a execu\u00e7\u00e3o de sua solicita\u00e7\u00e3o de informa\u00e7\u00f5es para fins pr\u00e9-contratuais.<\/p>\n<h3>Base Legal para o Processamento<\/h3>\n<p>Seus dados poder\u00e3o ser processados por interesse leg\u00edtimo, fins pr\u00e9-contratuais a seu pedido e obriga\u00e7\u00f5es legais relacionadas. A base legal para o processamento \u00e9 o interesse leg\u00edtimo da Controladora de Dados, bem como o cumprimento das obriga\u00e7\u00f5es pr\u00e9-contratuais e legais com a Empresa que voc\u00ea representa. O interesse leg\u00edtimo tamb\u00e9m consiste em objetivos de seguran\u00e7a, defesa (videovigil\u00e2ncia no caso de voc\u00ea acessar as depend\u00eancias da Controladora de Dados) ou comunica\u00e7\u00e3o infra-grupo. Voc\u00ea pode sempre se opor ao processamento realizado por interesse leg\u00edtimo da Controladora de Dados.<\/p>\n<p>A Controladora de Dados, no caso de exerc\u00edcio do direito de obje\u00e7\u00e3o pelo titular dos dados, se abst\u00e9m de realizar novos processos de dados pessoais, a menos que demonstre raz\u00f5es leg\u00edtimas convincentes para o processamento que se sobreponham aos interesses, direitos e liberdades do titular dos dados ou para a constitui\u00e7\u00e3o, exerc\u00edcio ou defesa de reivindica\u00e7\u00f5es legais.<\/p>\n<h3>Transfer\u00eancia de Dados Pessoais<\/h3>\n<p>Seus dados podem ser divulgados a empresas pertencentes ao Grupo Italtel, se necess\u00e1rio, para atender \u00e0 sua solicita\u00e7\u00e3o de informa\u00e7\u00f5es, bem como a terceiros para garantir o exerc\u00edcio do direito de defesa (escrit\u00f3rios de advocacia) ou autoridades judiciais para cumprir suas ordens.<\/p>\n<p>Seus dados podem ser divulgados a outras partes apenas se necess\u00e1rio para fins de preven\u00e7\u00e3o, detec\u00e7\u00e3o ou repress\u00e3o de crimes, em conformidade com a regulamenta\u00e7\u00e3o aplic\u00e1vel.<\/p>\n<h3>Reten\u00e7\u00e3o de Dados<\/h3>\n<p>Seus dados ser\u00e3o armazenados pelo per\u00edodo estritamente necess\u00e1rio para o cumprimento das obriga\u00e7\u00f5es legais, pr\u00e9-contratuais, a fim de permitir que voc\u00ea avalie e aceite ou n\u00e3o a oferta feita pela ITALTEL e, eventualmente, para o exerc\u00edcio do direito de defesa da Controladora de Dados.<\/p>\n<h3>Direitos dos Titulares dos Dados<\/h3>\n<p>A qualquer momento, voc\u00ea pode exercer seus direitos perante a Controladora de Dados referidos no Cap\u00edtulo III do GDPR, como, por exemplo, o direito de acesso, retifica\u00e7\u00e3o, complementa\u00e7\u00e3o, exclus\u00e3o, restri\u00e7\u00e3o do processamento, portabilidade e o direito de obje\u00e7\u00e3o quando houver condi\u00e7\u00f5es legais.<\/p>\n<p>Para exercer seus direitos, voc\u00ea dever\u00e1 enviar uma comunica\u00e7\u00e3o para a sede da ITALTEL, especificando \u201cPrivacidade\u201d no assunto. Alternativamente, voc\u00ea pode exercer seus direitos enviando um e-mail para<a href=\"mailto:privacy@italtel.com\"> privacy@italtel.com<\/a>, ou entrando em contato com o Encarregado de Prote\u00e7\u00e3o de Dados (DPO) enviando um e-mail para <a href=\"mailto:dpo@italtel.com\">dpo@italtel.com<\/a>. Da mesma forma, voc\u00ea pode solicitar a lista dos Processadores de Dados internos e externos.<\/p>\n<p>Finalmente, lembre-se de que voc\u00ea pode apresentar uma reclama\u00e7\u00e3o \u00e0 Autoridade de Prote\u00e7\u00e3o de Dados da It\u00e1lia (<a href=\"http:\/\/www.garanteprivacy.it\">www.garanteprivacy.it<\/a>).<\/p>\n\n<\/div>\n<div id=\"tab_aviso-de-informa\u00e7\u00e3o-para-potenciais-fornecedores\" class=\"panel entry-content\" role=\"tabpanel\" aria-labelledby=\"tab-aviso-de-informa\u00e7\u00e3o-para-potenciais-fornecedores\">\n\n<h2>Aviso de Informa\u00e7\u00e3o para Potenciais Fornecedores<\/h2>\n<p>A Italtel S.p.A., com sede em Viale L. Schiavonetti, 270\/F, 00173 Roma, na qualidade de Controladora de Dados (doravante referida como \u201cITALTEL\u201d ou \u201cControladora de Dados\u201d), nos termos dos Art. 13 e 14 do Regulamento (UE) 2016\/679 (\u201cGDPR\u201d), deseja informar-lhe o seguinte:<\/p>\n<h3>Categorias de Dados Pessoais<\/h3>\n<p>Seus dados pessoais s\u00e3o compostos por dados comuns, como, por exemplo, seu nome, seu endere\u00e7o de e-mail, seus n\u00fameros de telefone, sua posi\u00e7\u00e3o dentro da Empresa que possa ter uma rela\u00e7\u00e3o contratual para a compra de produtos e\/ou servi\u00e7os com a ITALTEL.<\/p>\n<h3>Finalidade do Processamento<\/h3>\n<ul>\n<li>Seus dados pessoais poder\u00e3o ser processados para as seguintes finalidades:<\/li>\n<li>Execu\u00e7\u00e3o de uma rela\u00e7\u00e3o pr\u00e9-contratual a seu pedido (ou da Empresa que voc\u00ea representa para a oferta), caso tenha solicitado informa\u00e7\u00f5es sobre nossos produtos ou servi\u00e7os, ou se tenha solicitado cota\u00e7\u00f5es ou, de maneira geral, informa\u00e7\u00f5es comerciais;<\/li>\n<li>Cumprimento de obriga\u00e7\u00f5es legais (ou seja, legisla\u00e7\u00e3o de privacidade);<\/li>\n<li>Seguran\u00e7a corporativa, caso voc\u00ea tenha acesso \u00e0s depend\u00eancias da Italtel;<\/li>\n<li>Seguran\u00e7a da informa\u00e7\u00e3o;<\/li>\n<li>Necessidades de defesa.<\/li>\n<\/ul>\n<h3>M\u00e9todos de Processamento<\/h3>\n<p>O processamento ser\u00e1 realizado por meios manuais e\/ou automatizados adequados para garantir a seguran\u00e7a e confidencialidade dos dados.<\/p>\n<h3>Fonte dos Dados Pessoais e Natureza do Processamento<\/h3>\n<p>Seus dados pessoais foram coletados de voc\u00ea ou foram fornecidos pelo seu empregador ou, em qualquer caso, pela Empresa em nome da qual voc\u00ea atua e realiza sua atividade.<\/p>\n<p>A fornecimento de dados \u00e9 opcional, mas necess\u00e1rio para a execu\u00e7\u00e3o de sua solicita\u00e7\u00e3o de informa\u00e7\u00f5es para fins pr\u00e9-contratuais.<\/p>\n<h3>Base Legal para o Processamento<\/h3>\n<p>Seus dados poder\u00e3o ser processados por interesse leg\u00edtimo, fins pr\u00e9-contratuais a seu pedido e obriga\u00e7\u00f5es legais relacionadas. A base legal para o processamento \u00e9 o interesse leg\u00edtimo da Controladora de Dados, bem como o cumprimento das obriga\u00e7\u00f5es pr\u00e9-contratuais e legais com a Empresa que voc\u00ea representa. O interesse leg\u00edtimo tamb\u00e9m consiste em objetivos de seguran\u00e7a, defesa (videovigil\u00e2ncia no caso de voc\u00ea acessar as depend\u00eancias da Controladora de Dados) ou comunica\u00e7\u00e3o infra-grupo. Voc\u00ea pode sempre se opor ao processamento realizado por interesse leg\u00edtimo da Controladora de Dados.<\/p>\n<p>A Controladora de Dados, no caso de exerc\u00edcio do direito de obje\u00e7\u00e3o pelo titular dos dados, se abst\u00e9m de realizar novos processos de dados pessoais, a menos que demonstre raz\u00f5es leg\u00edtimas convincentes para o processamento que se sobreponham aos interesses, direitos e liberdades do titular dos dados ou para a constitui\u00e7\u00e3o, exerc\u00edcio ou defesa de reivindica\u00e7\u00f5es legais.<\/p>\n<h3>Transfer\u00eancia de Dados Pessoais<\/h3>\n<p>Seus dados podem ser divulgados a empresas pertencentes ao Grupo Italtel, se necess\u00e1rio, para atender \u00e0 sua solicita\u00e7\u00e3o de informa\u00e7\u00f5es, bem como a terceiros para garantir o exerc\u00edcio do direito de defesa (escrit\u00f3rios de advocacia) ou autoridades judiciais para cumprir suas ordens.<\/p>\n<p>Seus dados podem ser divulgados a outras partes apenas se necess\u00e1rio para fins de preven\u00e7\u00e3o, detec\u00e7\u00e3o ou repress\u00e3o de crimes, em conformidade com a regulamenta\u00e7\u00e3o aplic\u00e1vel.<\/p>\n<h3>Reten\u00e7\u00e3o de Dados<\/h3>\n<p>Seus dados ser\u00e3o armazenados pelo per\u00edodo estritamente necess\u00e1rio para o cumprimento das obriga\u00e7\u00f5es legais, pr\u00e9-contratuais, a fim de permitir que voc\u00ea avalie e aceite ou n\u00e3o a oferta feita pela ITALTEL e, eventualmente, para o exerc\u00edcio do direito de defesa da Controladora de Dados.<\/p>\n<h3>Direitos dos Titulares dos Dados<\/h3>\n<p>A qualquer momento, voc\u00ea pode exercer seus direitos perante a Controladora de Dados referidos no Cap\u00edtulo III do GDPR, como, por exemplo, o direito de acesso, retifica\u00e7\u00e3o, complementa\u00e7\u00e3o, exclus\u00e3o, restri\u00e7\u00e3o do processamento, portabilidade e o direito de obje\u00e7\u00e3o quando houver condi\u00e7\u00f5es legais.<\/p>\n<p>Para exercer seus direitos, voc\u00ea dever\u00e1 enviar uma comunica\u00e7\u00e3o para a sede da ITALTEL, especificando \u201cPrivacidade\u201d no assunto. Alternativamente, voc\u00ea pode exercer seus direitos enviando um e-mail para <a href=\"mailto:privacy@italtel.com\">privacy@italtel.com<\/a>, ou entrando em contato com o Encarregado de Prote\u00e7\u00e3o de Dados (DPO) enviando um e-mail para <a href=\"mailto:dpo@italtel.com\">dpo@italtel.com<\/a>. Da mesma forma, voc\u00ea pode solicitar a lista dos Processadores de Dados internos e externos.<\/p>\n<p>Finalmente, lembre-se de que voc\u00ea pode apresentar uma reclama\u00e7\u00e3o \u00e0 Autoridade de Prote\u00e7\u00e3o de Dados da It\u00e1lia (<a href=\"http:\/\/www.garanteprivacy.it\">www.garanteprivacy.it<\/a>).<\/p>\n\n<\/div>\n<div id=\"tab_aviso-de-informa\u00e7\u00e3o-para-a-administra\u00e7\u00e3o-p\u00fablica\" class=\"panel entry-content\" role=\"tabpanel\" aria-labelledby=\"tab-aviso-de-informa\u00e7\u00e3o-para-a-administra\u00e7\u00e3o-p\u00fablica\">\n\n<h2>Aviso de Informa\u00e7\u00e3o para a Administra\u00e7\u00e3o P\u00fablica<\/h2>\n<p>A Italtel S.p.A., com sede em Viale L. Schiavonetti, 270\/F, 00173 Roma, na qualidade de Controladora de Dados (doravante referida como \u201cITALTEL\u201d ou \u201cControladora de Dados\u201d), nos termos dos Art. 13 e 14 do Regulamento (UE) 2016\/679 (\u201cGDPR\u201d), deseja informar-lhe o seguinte:<\/p>\n<h3>Categorias de Dados Pessoais<\/h3>\n<p>Seus dados pessoais s\u00e3o compostos por dados comuns, como seu nome, dados do seu empregador (Entidade P\u00fablica), o escrit\u00f3rio de registro e de emprego, os escrit\u00f3rios competentes da \u00e1rea de neg\u00f3cios espec\u00edfica, seu e-mail e n\u00fameros de telefone.<\/p>\n<p>Seus dados pessoais s\u00e3o coletados diretamente de voc\u00ea ou de seu empregador, de documentos p\u00fablicos ou do site da entidade, onde esses dados est\u00e3o dispon\u00edveis, com o \u00fanico objetivo de facilitar a comunica\u00e7\u00e3o com sujeitos p\u00fablicos.<\/p>\n<h3>Finalidade e Base Legal do Processamento<\/h3>\n<p>Seus dados pessoais podem ser processados para as seguintes finalidades:<\/p>\n<ul>\n<li>Participa\u00e7\u00e3o em procedimentos licitat\u00f3rios, projetos promovidos por entidades p\u00fablicas, solicita\u00e7\u00f5es de financiamento e outros projetos envolvendo entidades p\u00fablicas;<\/li>\n<li>Cumprimento de obriga\u00e7\u00f5es legais relacionadas \u00e0s finalidades mencionadas ou \u00e0 condu\u00e7\u00e3o geral das opera\u00e7\u00f5es comerciais;<\/li>\n<li>Seguran\u00e7a da informa\u00e7\u00e3o;<\/li>\n<li>Necessidades de defesa.<\/li>\n<li>A base legal para o processamento refere-se ao interesse leg\u00edtimo da ITALTEL em realizar suas atividades comerciais essenciais e, mais geralmente, suas opera\u00e7\u00f5es empresariais.<\/li>\n<\/ul>\n<p>Em caso de interesse leg\u00edtimo por parte da Controladora de Dados, por exemplo, em situa\u00e7\u00f5es de necessidade de defesa, voc\u00ea sempre tem o direito de se opor ao processamento.<\/p>\n<p>A Controladora de Dados, no caso de exerc\u00edcio do direito de obje\u00e7\u00e3o pelo titular dos dados, se abst\u00e9m de realizar novos processos de dados pessoais, a menos que demonstre raz\u00f5es leg\u00edtimas convincentes para o processamento que se sobreponham aos interesses, direitos e liberdades do titular dos dados ou para a constitui\u00e7\u00e3o, exerc\u00edcio ou defesa de reivindica\u00e7\u00f5es legais.<\/p>\n<h3>M\u00e9todos de Processamento e Reten\u00e7\u00e3o de Dados<\/h3>\n<p>O processamento ser\u00e1 realizado por meios manuais e\/ou automatizados, adequados para garantir a seguran\u00e7a e confidencialidade dos dados.<\/p>\n<p>Seus dados ser\u00e3o processados pelo per\u00edodo estritamente necess\u00e1rio para a execu\u00e7\u00e3o das finalidades mencionadas e tamb\u00e9m para fornecer provas da implementa\u00e7\u00e3o dessas finalidades \u00e0s autoridades competentes. Portanto, o per\u00edodo de reten\u00e7\u00e3o dos dados depende exclusivamente das obriga\u00e7\u00f5es legais da Controladora de Dados.<\/p>\n<h3>Natureza do Processamento<\/h3>\n<p>O fornecimento de dados \u00e9 opcional, mas necess\u00e1rio para permitir que a ITALTEL busque as finalidades para as quais os dados foram coletados, ou para a participa\u00e7\u00e3o em licita\u00e7\u00f5es, financiamento de projetos e outros projetos nos quais a ITALTEL deseja participar, cumprindo as obriga\u00e7\u00f5es legais relacionadas \u00e0s atividades acima mencionadas, bem como outras atividades empresariais.<\/p>\n<h3>Transfer\u00eancia de Dados Pessoais<\/h3>\n<p>Seus dados pessoais podem ser divulgados para:<\/p>\n<ul>\n<li>Administra\u00e7\u00f5es p\u00fablicas para cumprimento de obriga\u00e7\u00f5es legais;<br \/>Terceiros para garantir o direito de defesa ou autoridades judiciais, em conformidade com suas ordens.<\/li>\n<li>Os sujeitos mencionados atuar\u00e3o como Controladores de Dados aut\u00f4nomos. Os dados em quest\u00e3o podem ser divulgados a outras partes apenas se necess\u00e1rio para fins de preven\u00e7\u00e3o, detec\u00e7\u00e3o ou repress\u00e3o de crimes, em conformidade com as regulamenta\u00e7\u00f5es aplic\u00e1veis.<\/li>\n<\/ul>\n<p>Seus dados n\u00e3o ser\u00e3o transferidos para o exterior.<\/p>\n<h3>Direitos dos Titulares dos Dados<\/h3>\n<p>A qualquer momento, voc\u00ea pode exercer seus direitos perante a Controladora de Dados, conforme previsto no Cap\u00edtulo III do GDPR, como, por exemplo, o direito de acesso, retifica\u00e7\u00e3o, complementa\u00e7\u00e3o, exclus\u00e3o, restri\u00e7\u00e3o do processamento, portabilidade e o direito de obje\u00e7\u00e3o quando houver condi\u00e7\u00f5es legais.<\/p>\n<p>O direito de obje\u00e7\u00e3o (opt-out) ao processamento para marketing direto pode ser invocado a qualquer momento.<\/p>\n<p>Para exercer seus direitos, voc\u00ea dever\u00e1 enviar uma comunica\u00e7\u00e3o para a sede da ITALTEL, especificando \u201cPrivacidade\u201d no assunto. Alternativamente, voc\u00ea pode enviar a comunica\u00e7\u00e3o para o endere\u00e7o de e-mail <a href=\"mailto:privacy@italtel.com\">privacy@italtel.com<\/a>, ou entrar em contato com o Encarregado de Prote\u00e7\u00e3o de Dados (DPO) enviando um e-mail para o endere\u00e7o<a href=\"mailto:dpo@italtel.com\"> dpo@italtel.com<\/a>. Da mesma forma, voc\u00ea pode solicitar a lista dos Processadores de Dados.<\/p>\n<p>Finalmente, lembre-se de que voc\u00ea pode apresentar uma reclama\u00e7\u00e3o \u00e0 Autoridade de Prote\u00e7\u00e3o de Dados da It\u00e1lia (<a href=\"http:\/\/www.garanteprivacy.it\">www.garanteprivacy.it<\/a>).<\/p>\n<p>\u00a0<\/p>\n\n<\/div>\n<div id=\"tab_aviso-de-informa\u00e7\u00e3o-para-fornecedores\" class=\"panel entry-content\" role=\"tabpanel\" aria-labelledby=\"tab-aviso-de-informa\u00e7\u00e3o-para-fornecedores\">\n\n<h2>Aviso de Informa\u00e7\u00e3o para Fornecedores<\/h2>\n<p>A Italtel S.p.A., com sede em Viale L. Schiavonetti, 270\/F, 00173 Roma, na qualidade de Controladora de Dados (doravante referida como \u201cITALTEL\u201d ou \u201cControladora de Dados\u201d), nos termos dos Art. 13 e 14 do Regulamento (UE) 2016\/679 (\u201cGDPR\u201d), deseja informar-lhe o seguinte:<\/p>\n<h3>Categorias de Dados Pessoais<\/h3>\n<p>Seus dados pessoais s\u00e3o compostos por dados comuns, como seu nome, seu e-mail, seus n\u00fameros de telefone, sua posi\u00e7\u00e3o de emprego dentro da empresa que possui um relacionamento contratual para o fornecimento de produtos e\/ou servi\u00e7os com a ITALTEL e, se voc\u00ea for um Consultor, tamb\u00e9m suas refer\u00eancias banc\u00e1rias, n\u00famero de VAT (CNPJ), domic\u00edlio fiscal e legal.<\/p>\n<h3>Finalidade e Base Legal do Processamento<\/h3>\n<p>Seus dados pessoais podem ser processados para as seguintes finalidades:<\/p>\n<ul>\n<li>Execu\u00e7\u00e3o do contrato de fornecimento entre a ITALTEL e a empresa da qual voc\u00ea \u00e9 o respons\u00e1vel pelo contato ou execu\u00e7\u00e3o do contrato de consultoria em vigor com voc\u00ea;<\/li>\n<li>Execu\u00e7\u00e3o das obriga\u00e7\u00f5es administrativas, gerenciais e cont\u00e1beis relacionadas;<\/li>\n<li>Gest\u00e3o da qualidade;<\/li>\n<li>Execu\u00e7\u00e3o de quaisquer obriga\u00e7\u00f5es de manuten\u00e7\u00e3o;<\/li>\n<li>Cumprimento das obriga\u00e7\u00f5es legais;<\/li>\n<li>Seguran\u00e7a corporativa para permitir seu acesso \u00e0s instala\u00e7\u00f5es da ITALTEL;<\/li>\n<li>Seguran\u00e7a da informa\u00e7\u00e3o;<\/li>\n<li>Necessidades de defesa.<\/li>\n<\/ul>\n<h3>M\u00e9todos de Processamento<\/h3>\n<p>O processamento ser\u00e1 realizado por meios manuais e\/ou automatizados, que s\u00e3o adequados para garantir a seguran\u00e7a e confidencialidade dos dados.<\/p>\n<h3>Natureza do Processamento<\/h3>\n<p>O fornecimento de dados \u00e9 opcional, mas necess\u00e1rio para a execu\u00e7\u00e3o do contrato de consultoria em vigor com voc\u00ea ou do contrato de fornecimento com a empresa da qual voc\u00ea \u00e9 o respons\u00e1vel pelo contato.<\/p>\n<h3>Fonte dos Dados e Base Legal do Processamento<\/h3>\n<p>Seus dados s\u00e3o coletados diretamente de voc\u00ea, mas tamb\u00e9m podem ter sido fornecidos pelo seu empregador, caso voc\u00ea seja o respons\u00e1vel pelo contato com a ITALTEL.<\/p>\n<p>A base legal do processamento est\u00e1 relacionada ao interesse leg\u00edtimo da Controladora de Dados, bem como ao cumprimento das obriga\u00e7\u00f5es contratuais e legais com voc\u00ea ou com a empresa da qual voc\u00ea \u00e9 o respons\u00e1vel pelo contato.<\/p>\n<p>O interesse leg\u00edtimo tamb\u00e9m est\u00e1 relacionado com os fins de seguran\u00e7a, defesa (videovigil\u00e2ncia no caso de acesso \u00e0s instala\u00e7\u00f5es da Controladora de Dados) ou comunica\u00e7\u00e3o dentro do Grupo Italtel. Voc\u00ea pode sempre se opor ao processamento realizado para os interesses leg\u00edtimos da Controladora de Dados.<\/p>\n<p>A Controladora de Dados, no caso de exerc\u00edcio do direito de obje\u00e7\u00e3o pelo titular dos dados, se abst\u00e9m de realizar novos processamentos de dados pessoais, a menos que demonstre raz\u00f5es leg\u00edtimas convincentes para o processamento que se sobreponham aos interesses, direitos e liberdades do titular dos dados ou para a constitui\u00e7\u00e3o, exerc\u00edcio ou defesa de reivindica\u00e7\u00f5es legais.<\/p>\n<h3>Transfer\u00eancia de Dados Pessoais<\/h3>\n<p>Seus dados podem ser divulgados para:<\/p>\n<ul>\n<li>Empresa de auditoria para cumprimento de obriga\u00e7\u00f5es fiscais e cont\u00e1beis legais;<\/li>\n<li>Organismos de certifica\u00e7\u00e3o para conformidade com as normas ISO;<\/li>\n<li>Entidades p\u00fablicas para cumprimento de obriga\u00e7\u00f5es legais ou em caso de fiscaliza\u00e7\u00e3o;<\/li>\n<li>Terceiros para garantir o exerc\u00edcio do direito de defesa (escrit\u00f3rios de advocacia) ou autoridades judiciais, em conformidade com suas ordens;<\/li>\n<li>O banco indicado por voc\u00ea para o pagamento de seus honor\u00e1rios, caso haja contrato de consultoria com voc\u00ea.<\/li>\n<\/ul>\n<p>Os dados em quest\u00e3o podem ser divulgados a outras partes apenas se necess\u00e1rio para fins de preven\u00e7\u00e3o, detec\u00e7\u00e3o ou repress\u00e3o de crimes, em conformidade com as regulamenta\u00e7\u00f5es aplic\u00e1veis.<\/p>\n<h3>Transfer\u00eancia de Dados Pessoais para Fora da UE<\/h3>\n<p>Alguns dos seus dados tamb\u00e9m podem ser divulgados para pa\u00edses fora da UE com o mesmo prop\u00f3sito de implementar o relacionamento contratual com a ITALTEL, por exemplo, para outras empresas pertencentes ao Grupo Italtel.<\/p>\n<p>A transfer\u00eancia ser\u00e1 realizada para pa\u00edses com n\u00edvel adequado de prote\u00e7\u00e3o reconhecido por decis\u00e3o da Comiss\u00e3o Europeia, ou na presen\u00e7a das condi\u00e7\u00f5es previstas no Art. 46 do GDPR, com salvaguardas adequadas, incluindo, mas n\u00e3o se limitando a, cl\u00e1usulas contratuais padr\u00e3o, regras corporativas vinculativas, ades\u00e3o a c\u00f3digos de conduta ou sistemas de certifica\u00e7\u00e3o e, em qualquer caso, em conformidade com o Cap\u00edtulo V do GDPR.<\/p>\n<p>Todos os pa\u00edses fora da UE onde existem empresas do Grupo Italtel para os quais seus dados podem ser transferidos est\u00e3o listados no site<a href=\"http:\/\/www.italtel.com\"> www.italtel.com<\/a>, enquanto a lista atualizada de pa\u00edses com legisla\u00e7\u00e3o de prote\u00e7\u00e3o de dados pessoais considerada adequada pela Comiss\u00e3o Europeia est\u00e1 acess\u00edvel no site oficial da Autoridade Italiana de Prote\u00e7\u00e3o de Dados neste link <a href=\"https:\/\/www.gpdp.it\/temi\/trasferimento-di-dati-all-estero\">https:\/\/www.gpdp.it\/temi\/trasferimento-di-dati-all-estero<\/a>.<\/p>\n<h3>Reten\u00e7\u00e3o de Dados<\/h3>\n<p>Seus dados ser\u00e3o armazenados pelo per\u00edodo estritamente necess\u00e1rio para o cumprimento das obriga\u00e7\u00f5es legais, contratuais e, se necess\u00e1rio, para o exerc\u00edcio do direito de defesa da Controladora de Dados.<\/p>\n<p>Caso voc\u00ea seja o representante legal ou procurador da empresa fornecedora ou outro procurador, ou tenha assinado um contrato de consultoria ou outra documenta\u00e7\u00e3o cont\u00e1bil relevante para os fins do relacionamento contratual ou para cumprimento de obriga\u00e7\u00f5es legais, seus dados poder\u00e3o ser armazenados por at\u00e9 dez anos, bem como, no caso de necessidade defensiva, at\u00e9 o t\u00e9rmino do direito de defesa.<\/p>\n<h3>Direitos dos Titulares dos Dados<\/h3>\n<p>A qualquer momento, voc\u00ea pode exercer seus direitos perante a Controladora de Dados conforme descrito no Cap\u00edtulo III do GDPR, como, por exemplo, o direito de acesso, retifica\u00e7\u00e3o, complementa\u00e7\u00e3o, exclus\u00e3o, restri\u00e7\u00e3o do processamento, portabilidade e o direito de obje\u00e7\u00e3o quando houver condi\u00e7\u00f5es legais.<\/p>\n<p>Para exercer seus direitos, voc\u00ea dever\u00e1 enviar uma comunica\u00e7\u00e3o para a sede da ITALTEL, especificando \u201cPrivacidade\u201d no assunto. Alternativamente, voc\u00ea pode enviar a comunica\u00e7\u00e3o para o e-mail <a href=\"mailto:privacy@italtel.com\">privacy@italtel.com<\/a> ou entrar em contato com o Encarregado de Prote\u00e7\u00e3o de Dados (DPO) enviando um e-mail para <a href=\"mailto:dpo@italtel.com\">dpo@italtel.com<\/a>. Da mesma forma, voc\u00ea pode solicitar a lista dos Processadores de Dados.<\/p>\n<p>Finalmente, lembre-se de que voc\u00ea pode apresentar uma reclama\u00e7\u00e3o \u00e0 Autoridade de Prote\u00e7\u00e3o de Dados da It\u00e1lia (<a href=\"http:\/\/www.garanteprivacy.it\">www.garanteprivacy.it<\/a>).<\/p>\n\n<\/div><\/div><\/div>\n\n\t\t<\/div>\n\t\t\t\t\t<\/div>\n\n\t\n\n<\/div>\n\n\t\t<\/div>\n\n\t\t\n<style>\n#section_1822103560 {\n  padding-top: 0px;\n  padding-bottom: 0px;\n}\n<\/style>\n\t<\/section>\n\t\n\n","protected":false},"excerpt":{"rendered":"","protected":false},"author":1,"featured_media":0,"parent":0,"menu_order":0,"comment_status":"closed","ping_status":"closed","template":"page-blank.php","meta":{"footnotes":""},"class_list":["post-64288","page","type-page","status-publish","hentry"],"yoast_head":"<!-- This site is optimized with the Yoast SEO plugin v27.4 - https:\/\/yoast.com\/product\/yoast-seo-wordpress\/ -->\n<title>Legal &amp; Privacy - Italtel<\/title>\n<meta name=\"robots\" content=\"index, follow, max-snippet:-1, max-image-preview:large, max-video-preview:-1\" \/>\n<link rel=\"canonical\" href=\"https:\/\/www.italtel.com\/pt-br\/legal-privacy\/\" \/>\n<meta property=\"og:locale\" content=\"pt_BR\" \/>\n<meta property=\"og:type\" content=\"article\" \/>\n<meta property=\"og:title\" content=\"Legal &amp; Privacy - Italtel\" \/>\n<meta property=\"og:url\" content=\"https:\/\/www.italtel.com\/pt-br\/legal-privacy\/\" \/>\n<meta property=\"og:site_name\" content=\"Italtel\" \/>\n<meta property=\"article:modified_time\" content=\"2025-05-09T11:01:18+00:00\" \/>\n<meta property=\"og:image\" content=\"https:\/\/www.italtel.com\/wp-content\/uploads\/2024\/11\/Italtel_logo.png\" \/>\n\t<meta property=\"og:image:width\" content=\"591\" \/>\n\t<meta property=\"og:image:height\" content=\"139\" \/>\n\t<meta property=\"og:image:type\" content=\"image\/png\" \/>\n<meta name=\"twitter:card\" content=\"summary_large_image\" \/>\n<meta name=\"twitter:site\" content=\"@Italtel\" \/>\n<script type=\"application\/ld+json\" class=\"yoast-schema-graph\">{\"@context\":\"https:\\\/\\\/schema.org\",\"@graph\":[{\"@type\":\"WebPage\",\"@id\":\"https:\\\/\\\/www.italtel.com\\\/pt-br\\\/legal-privacy\\\/\",\"url\":\"https:\\\/\\\/www.italtel.com\\\/pt-br\\\/legal-privacy\\\/\",\"name\":\"Legal & Privacy - Italtel\",\"isPartOf\":{\"@id\":\"https:\\\/\\\/www.italtel.com\\\/de\\\/#website\"},\"datePublished\":\"2024-07-09T06:54:13+00:00\",\"dateModified\":\"2025-05-09T11:01:18+00:00\",\"breadcrumb\":{\"@id\":\"https:\\\/\\\/www.italtel.com\\\/pt-br\\\/legal-privacy\\\/#breadcrumb\"},\"inLanguage\":\"pt-BR\",\"potentialAction\":[{\"@type\":\"ReadAction\",\"target\":[\"https:\\\/\\\/www.italtel.com\\\/pt-br\\\/legal-privacy\\\/\"]}]},{\"@type\":\"BreadcrumbList\",\"@id\":\"https:\\\/\\\/www.italtel.com\\\/pt-br\\\/legal-privacy\\\/#breadcrumb\",\"itemListElement\":[{\"@type\":\"ListItem\",\"position\":1,\"name\":\"Home\",\"item\":\"https:\\\/\\\/www.italtel.com\\\/pt-br\\\/\"},{\"@type\":\"ListItem\",\"position\":2,\"name\":\"Legal &#038; Privacy\"}]},{\"@type\":\"WebSite\",\"@id\":\"https:\\\/\\\/www.italtel.com\\\/de\\\/#website\",\"url\":\"https:\\\/\\\/www.italtel.com\\\/de\\\/\",\"name\":\"Italtel\",\"description\":\"Italtel Group&#039;s company website\",\"publisher\":{\"@id\":\"https:\\\/\\\/www.italtel.com\\\/de\\\/#organization\"},\"potentialAction\":[{\"@type\":\"SearchAction\",\"target\":{\"@type\":\"EntryPoint\",\"urlTemplate\":\"https:\\\/\\\/www.italtel.com\\\/de\\\/?s={search_term_string}\"},\"query-input\":{\"@type\":\"PropertyValueSpecification\",\"valueRequired\":true,\"valueName\":\"search_term_string\"}}],\"inLanguage\":\"pt-BR\"},{\"@type\":\"Organization\",\"@id\":\"https:\\\/\\\/www.italtel.com\\\/de\\\/#organization\",\"name\":\"Italtel S.p.A.\",\"url\":\"https:\\\/\\\/www.italtel.com\\\/de\\\/\",\"logo\":{\"@type\":\"ImageObject\",\"inLanguage\":\"pt-BR\",\"@id\":\"https:\\\/\\\/www.italtel.com\\\/de\\\/#\\\/schema\\\/logo\\\/image\\\/\",\"url\":\"https:\\\/\\\/www.italtel.com\\\/wp-content\\\/uploads\\\/2024\\\/11\\\/Italtel_logo.png\",\"contentUrl\":\"https:\\\/\\\/www.italtel.com\\\/wp-content\\\/uploads\\\/2024\\\/11\\\/Italtel_logo.png\",\"width\":591,\"height\":139,\"caption\":\"Italtel S.p.A.\"},\"image\":{\"@id\":\"https:\\\/\\\/www.italtel.com\\\/de\\\/#\\\/schema\\\/logo\\\/image\\\/\"},\"sameAs\":[\"https:\\\/\\\/x.com\\\/Italtel\",\"https:\\\/\\\/www.linkedin.com\\\/company\\\/italtel\\\/\",\"https:\\\/\\\/www.instagram.com\\\/italtel_hq\\\/\"]}]}<\/script>\n<!-- \/ Yoast SEO plugin. -->","yoast_head_json":{"title":"Legal & Privacy - Italtel","robots":{"index":"index","follow":"follow","max-snippet":"max-snippet:-1","max-image-preview":"max-image-preview:large","max-video-preview":"max-video-preview:-1"},"canonical":"https:\/\/www.italtel.com\/pt-br\/legal-privacy\/","og_locale":"pt_BR","og_type":"article","og_title":"Legal & Privacy - Italtel","og_url":"https:\/\/www.italtel.com\/pt-br\/legal-privacy\/","og_site_name":"Italtel","article_modified_time":"2025-05-09T11:01:18+00:00","og_image":[{"width":591,"height":139,"url":"https:\/\/www.italtel.com\/wp-content\/uploads\/2024\/11\/Italtel_logo.png","type":"image\/png"}],"twitter_card":"summary_large_image","twitter_site":"@Italtel","schema":{"@context":"https:\/\/schema.org","@graph":[{"@type":"WebPage","@id":"https:\/\/www.italtel.com\/pt-br\/legal-privacy\/","url":"https:\/\/www.italtel.com\/pt-br\/legal-privacy\/","name":"Legal & Privacy - Italtel","isPartOf":{"@id":"https:\/\/www.italtel.com\/de\/#website"},"datePublished":"2024-07-09T06:54:13+00:00","dateModified":"2025-05-09T11:01:18+00:00","breadcrumb":{"@id":"https:\/\/www.italtel.com\/pt-br\/legal-privacy\/#breadcrumb"},"inLanguage":"pt-BR","potentialAction":[{"@type":"ReadAction","target":["https:\/\/www.italtel.com\/pt-br\/legal-privacy\/"]}]},{"@type":"BreadcrumbList","@id":"https:\/\/www.italtel.com\/pt-br\/legal-privacy\/#breadcrumb","itemListElement":[{"@type":"ListItem","position":1,"name":"Home","item":"https:\/\/www.italtel.com\/pt-br\/"},{"@type":"ListItem","position":2,"name":"Legal &#038; Privacy"}]},{"@type":"WebSite","@id":"https:\/\/www.italtel.com\/de\/#website","url":"https:\/\/www.italtel.com\/de\/","name":"Italtel","description":"Italtel Group&#039;s company website","publisher":{"@id":"https:\/\/www.italtel.com\/de\/#organization"},"potentialAction":[{"@type":"SearchAction","target":{"@type":"EntryPoint","urlTemplate":"https:\/\/www.italtel.com\/de\/?s={search_term_string}"},"query-input":{"@type":"PropertyValueSpecification","valueRequired":true,"valueName":"search_term_string"}}],"inLanguage":"pt-BR"},{"@type":"Organization","@id":"https:\/\/www.italtel.com\/de\/#organization","name":"Italtel S.p.A.","url":"https:\/\/www.italtel.com\/de\/","logo":{"@type":"ImageObject","inLanguage":"pt-BR","@id":"https:\/\/www.italtel.com\/de\/#\/schema\/logo\/image\/","url":"https:\/\/www.italtel.com\/wp-content\/uploads\/2024\/11\/Italtel_logo.png","contentUrl":"https:\/\/www.italtel.com\/wp-content\/uploads\/2024\/11\/Italtel_logo.png","width":591,"height":139,"caption":"Italtel S.p.A."},"image":{"@id":"https:\/\/www.italtel.com\/de\/#\/schema\/logo\/image\/"},"sameAs":["https:\/\/x.com\/Italtel","https:\/\/www.linkedin.com\/company\/italtel\/","https:\/\/www.instagram.com\/italtel_hq\/"]}]}},"_links":{"self":[{"href":"https:\/\/www.italtel.com\/pt-br\/wp-json\/wp\/v2\/pages\/64288","targetHints":{"allow":["GET"]}}],"collection":[{"href":"https:\/\/www.italtel.com\/pt-br\/wp-json\/wp\/v2\/pages"}],"about":[{"href":"https:\/\/www.italtel.com\/pt-br\/wp-json\/wp\/v2\/types\/page"}],"author":[{"embeddable":true,"href":"https:\/\/www.italtel.com\/pt-br\/wp-json\/wp\/v2\/users\/1"}],"replies":[{"embeddable":true,"href":"https:\/\/www.italtel.com\/pt-br\/wp-json\/wp\/v2\/comments?post=64288"}],"version-history":[{"count":12,"href":"https:\/\/www.italtel.com\/pt-br\/wp-json\/wp\/v2\/pages\/64288\/revisions"}],"predecessor-version":[{"id":74155,"href":"https:\/\/www.italtel.com\/pt-br\/wp-json\/wp\/v2\/pages\/64288\/revisions\/74155"}],"wp:attachment":[{"href":"https:\/\/www.italtel.com\/pt-br\/wp-json\/wp\/v2\/media?parent=64288"}],"curies":[{"name":"wp","href":"https:\/\/api.w.org\/{rel}","templated":true}]}}